{"id":6367,"date":"2026-09-02T14:49:53","date_gmt":"2026-09-02T12:49:53","guid":{"rendered":"https:\/\/lappland2030.se\/?post_type=projekt&#038;p=6367"},"modified":"2026-09-02T14:54:36","modified_gmt":"2026-09-02T12:54:36","slug":"udden","status":"publish","type":"projekt","link":"https:\/\/lappland2030.se\/en\/projekt\/udden\/","title":{"rendered":"The Point \u2013 The Future"},"content":{"rendered":"<p>[et_pb_section fb_built=&#8221;1&#8243; _builder_version=&#8221;4.18.1&#8243; _module_preset=&#8221;default&#8221; custom_margin=&#8221;0px|0px|0px|0px|false|false&#8221; custom_padding=&#8221;0px|0px|0px|0px|false|false&#8221; locked=&#8221;off&#8221; global_colors_info=&#8221;{}&#8221;][et_pb_row column_structure=&#8221;1_2,1_2&#8243; use_custom_gutter=&#8221;on&#8221; gutter_width=&#8221;1&#8243; make_equal=&#8221;on&#8221; _builder_version=&#8221;4.27.7&#8243; _module_preset=&#8221;default&#8221; width=&#8221;100%&#8221; max_width=&#8221;100%&#8221; custom_margin=&#8221;0px|0px|0px|0px|false|false&#8221; custom_padding=&#8221;0px|0px|0px|0px|false|false&#8221; global_colors_info=&#8221;{}&#8221;][et_pb_column type=&#8221;1_2&#8243; _builder_version=&#8221;4.20.4&#8243; _module_preset=&#8221;default&#8221; background_color=&#8221;#B6CCD7&#8243; background_image=&#8221;https:\/\/lappland2030.se\/wp-content\/uploads\/sites\/13\/2022\/12\/leaf.png&#8221; background_size=&#8221;custom&#8221; background_image_width=&#8221;300px&#8221; background_position=&#8221;bottom_left&#8221; background_horizontal_offset=&#8221;-100px&#8221; background_vertical_offset=&#8221;-350px&#8221; custom_padding=&#8221;120px|40px|120px|120px|false|false&#8221; custom_padding_tablet=&#8221;100px|40px|100px|80px|false|false&#8221; custom_padding_phone=&#8221;80px|40px|80px|40px|false|false&#8221; background_last_edited=&#8221;on|desktop&#8221; background_size_tablet=&#8221;custom&#8221; background_image_width_tablet=&#8221;220px&#8221; background_image_width_phone=&#8221;240px&#8221; background_position_tablet=&#8221;top_left&#8221; background_position_phone=&#8221;bottom_left&#8221; background_horizontal_offset_tablet=&#8221;-30px&#8221; background_horizontal_offset_phone=&#8221;-80px&#8221; background_vertical_offset_tablet=&#8221;220px&#8221; background_vertical_offset_phone=&#8221;-260px&#8221; global_colors_info=&#8221;{}&#8221; custom_css_main_element_last_edited=&#8221;off|desktop&#8221;][et_pb_text admin_label=&#8221;Projektnamn&#8221; _builder_version=&#8221;4.27.7&#8243; _module_preset=&#8221;default&#8221; header_font=&#8221;Oswald|500||on|||||&#8221; header_text_color=&#8221;#004769&#8243; header_font_size=&#8221;56px&#8221; max_width_tablet=&#8221;&#8221; max_width_phone=&#8221;&#8221; max_width_last_edited=&#8221;on|desktop&#8221; header_font_size_tablet=&#8221;52px&#8221; header_font_size_phone=&#8221;48px&#8221; global_colors_info=&#8221;{}&#8221;]<\/p>\n<h1 class=\"fusion-responsive-typography-calculated\" data-fontsize=\"45\" data-lineheight=\"52.2px\">Udden &#8211; Framtiden<\/h1>\n<p>[\/et_pb_text][et_pb_text admin_label=&#8221;Kort text om projektet&#8221; _builder_version=&#8221;4.27.7&#8243; _module_preset=&#8221;85ddcd9a-bba9-4dcd-9673-e023bb3f643a&#8221; text_text_color=&#8221;#004769&#8243; max_width=&#8221;589px&#8221; custom_padding=&#8221;|0px|0px|||&#8221; global_colors_info=&#8221;{}&#8221;]<\/p>\n<p>T\u00e4rna IK Fj\u00e4llvinden genomf\u00f6r en f\u00f6rstudie f\u00f6r att unders\u00f6ka hur Udden i T\u00e4rnaby kan utvecklas f\u00f6r framtiden. M\u00e5let \u00e4r att ta vara p\u00e5 platsens historia och skapa f\u00f6ruts\u00e4ttningar f\u00f6r en levande m\u00f6tesplats med aktiviteter f\u00f6r barn och unga, f\u00f6reningar, bybor och bes\u00f6kare.<\/p>\n<p>[\/et_pb_text][\/et_pb_column][et_pb_column type=&#8221;1_2&#8243; _builder_version=&#8221;4.27.7&#8243; _module_preset=&#8221;default&#8221; background_color=&#8221;#B6CCD7&#8243; background_image=&#8221;https:\/\/lappland2030.se\/wp-content\/uploads\/sites\/13\/2023\/01\/Leader_Bilder_1080x10808.jpg&#8221; background_position=&#8221;bottom_center&#8221; background_vertical_offset=&#8221;29%&#8221; custom_padding=&#8221;0px|0px|0px|0px|false|false&#8221; custom_padding_last_edited=&#8221;off|desktop&#8221; global_colors_info=&#8221;{}&#8221;][\/et_pb_column][\/et_pb_row][\/et_pb_section][et_pb_section fb_built=&#8221;1&#8243; custom_padding_last_edited=&#8221;on|tablet&#8221; _builder_version=&#8221;4.19.4&#8243; _module_preset=&#8221;default&#8221; custom_padding=&#8221;||0px|9px|false|false&#8221; custom_padding_tablet=&#8221;0px||0px||false|false&#8221; custom_padding_phone=&#8221;0px||0px||false|false&#8221; locked=&#8221;off&#8221; global_colors_info=&#8221;{}&#8221;][et_pb_row column_structure=&#8221;2_5,3_5&#8243; _builder_version=&#8221;4.19.4&#8243; _module_preset=&#8221;default&#8221; global_colors_info=&#8221;{}&#8221;][et_pb_column type=&#8221;2_5&#8243; _builder_version=&#8221;4.19.4&#8243; _module_preset=&#8221;default&#8221; global_colors_info=&#8221;{}&#8221;][et_pb_text admin_label=&#8221;Rubrik &#8211; Syfte och M\u00e5l&#8221; _builder_version=&#8221;4.27.6&#8243; _module_preset=&#8221;default&#8221; custom_padding=&#8221;||||false|false&#8221; global_colors_info=&#8221;{}&#8221;]<\/p>\n<h2>Syfte och m\u00e5l<\/h2>\n<p>[\/et_pb_text][et_pb_text admin_label=&#8221;Syfte och m\u00e5l ur beslut&#8221; _builder_version=&#8221;4.27.7&#8243; _module_preset=&#8221;default&#8221; global_colors_info=&#8221;{}&#8221;]<\/p>\n<h4><strong>Syftet med projektet \u00e4r:<\/strong><\/h4>\n<p><em>att st\u00e4rka och utveckla Udden som kulturmilj\u00f6 och m\u00f6tesplats i T\u00e4rnabygden, samt att skapa f\u00f6ruts\u00e4ttningar f\u00f6r ett levande f\u00f6reningsliv och \u00f6kad samverkan mellan lokala akt\u00f6rer.<\/em><\/p>\n<h4><strong>M\u00e5let med projektet \u00e4r:<\/strong><\/h4>\n<p><em>att genomf\u00f6ra och f\u00e4rdigst\u00e4lla en f\u00f6rstudie som tar fram en konkret plan f\u00f6r Uddens framtida utveckling.<\/em><\/p>\n<p>[\/et_pb_text][\/et_pb_column][et_pb_column type=&#8221;3_5&#8243; _builder_version=&#8221;4.19.4&#8243; _module_preset=&#8221;default&#8221; custom_padding_tablet=&#8221;0px|30px|0px|30px|false|false&#8221; global_colors_info=&#8221;{}&#8221;][et_pb_text admin_label=&#8221;Rubrik &#8211; Om projektet&#8221; _builder_version=&#8221;4.20.4&#8243; _module_preset=&#8221;default&#8221; custom_padding=&#8221;||||false|false&#8221; global_colors_info=&#8221;{}&#8221;]<\/p>\n<h2>Om projektet<\/h2>\n<p>[\/et_pb_text][et_pb_text admin_label=&#8221;Om projektet&#8221; _builder_version=&#8221;4.27.7&#8243; _module_preset=&#8221;default&#8221; global_colors_info=&#8221;{}&#8221;]<\/p>\n<p class=\"isSelectedEnd\"><span>Udden vid s\u00f6dra infarten till T\u00e4rnaby \u00e4r en plats med l\u00e5ng historia. H\u00e4r har T\u00e4rna IK Fj\u00e4llvinden bedrivit verksamhet under m\u00e5nga decennier och platsen har bland annat varit v\u00e4lk\u00e4nd f\u00f6r sina danser, marknader och andra arrangemang.<\/span><\/p>\n<p class=\"isSelectedEnd\"><span>Nu vill f\u00f6reningen blicka fram\u00e5t och unders\u00f6ka vilken roll Udden kan f\u00e5 i framtidens T\u00e4rnaby.<\/span><\/p>\n<p class=\"isSelectedEnd\"><span>Genom f\u00f6rstudien ska f\u00f6reningen tillsammans med andra f\u00f6reningar, f\u00f6retag, barn och unga och andra intresserade unders\u00f6ka behov, id\u00e9er och m\u00f6jligheter f\u00f6r omr\u00e5det. Fr\u00e5gor som tillg\u00e4nglighet, byggnadernas framtida anv\u00e4ndning, aktiviteter och hur omr\u00e5det kan utvecklas till en attraktiv m\u00f6tesplats \u00e4r n\u00e5gra av de delar som ska utredas.<\/span><\/p>\n<p class=\"isSelectedEnd\"><span>Ambitionen \u00e4r att Udden ska kunna erbjuda plats f\u00f6r m\u00e5nga olika typer av aktiviteter och m\u00e4nniskor \u2013 fr\u00e5n barn och unga till f\u00f6reningsliv, kultur, idrott, friluftsliv och bes\u00f6kare.<\/span><\/p>\n<p class=\"isSelectedEnd\"><span>N\u00e4r f\u00f6rstudien \u00e4r klar ska det finnas ett tydligare underlag f\u00f6r Uddens fortsatta utveckling och f\u00f6r hur f\u00f6reningen kan g\u00e5 vidare med ett framtida genomf\u00f6randeprojekt.<\/span><\/p>\n<p><span>F\u00f6rstudien tar p\u00e5 s\u00e5 s\u00e4tt avstamp i Uddens l\u00e5nga historia som samlingsplats, samtidigt som blicken riktas fram\u00e5t mot nya behov och m\u00f6jligheter i T\u00e4rnabygden.<\/span><\/p>\n<p>[\/et_pb_text][\/et_pb_column][\/et_pb_row][\/et_pb_section][et_pb_section fb_built=&#8221;1&#8243; custom_padding_last_edited=&#8221;on|tablet&#8221; _builder_version=&#8221;4.19.4&#8243; _module_preset=&#8221;default&#8221; custom_padding=&#8221;||0px||false|false&#8221; custom_padding_tablet=&#8221;0px||0px||false|false&#8221; custom_padding_phone=&#8221;0px||0px||false|false&#8221; locked=&#8221;off&#8221; global_colors_info=&#8221;{}&#8221;][et_pb_row column_structure=&#8221;1_2,1_2&#8243; _builder_version=&#8221;4.19.4&#8243; _module_preset=&#8221;f5fa9002-e1ac-46a1-bbe6-abcf9e7f7c4e&#8221; background_color=&#8221;#0C4160&#8243; custom_css_main_element=&#8221;display: flex;&#8221; locked=&#8221;off&#8221; global_colors_info=&#8221;{}&#8221; custom_css_main_element_tablet=&#8221;display: block&#8221;][et_pb_column type=&#8221;1_2&#8243; _builder_version=&#8221;4.18.1&#8243; _module_preset=&#8221;46324cd7-25ce-45c8-b351-a4d0778ffc36&#8243; custom_padding=&#8221;0px|0px|0px|0px|false|false&#8221; custom_padding_tablet=&#8221;0px|0px|0px|0px|false|false&#8221; custom_padding_phone=&#8221;0px|0px|30px|0px|false|false&#8221; custom_padding_last_edited=&#8221;on|phone&#8221; global_colors_info=&#8221;{}&#8221;][et_pb_image src=&#8221;https:\/\/lappland2030.se\/wp-content\/uploads\/sites\/13\/2023\/01\/uransokan.png&#8221; title_text=&#8221;urans\u00f6kan&#8221; _builder_version=&#8221;4.19.5&#8243; _module_preset=&#8221;default&#8221; global_colors_info=&#8221;{}&#8221;][\/et_pb_image][\/et_pb_column][et_pb_column type=&#8221;1_2&#8243; _builder_version=&#8221;4.19.4&#8243; _module_preset=&#8221;46324cd7-25ce-45c8-b351-a4d0778ffc36&#8243; custom_padding=&#8221;40px|40px||40px|false|false&#8221; custom_padding_tablet=&#8221;30px|30px||30px|false|false&#8221; custom_padding_phone=&#8221;0px|0px||0px|false|false&#8221; custom_padding_last_edited=&#8221;on|phone&#8221; custom_css_main_element=&#8221;display: flex;||flex-direction: column;||justify-content: center;&#8221; global_colors_info=&#8221;{}&#8221; custom_css_main_element_tablet=&#8221;display: block;&#8221; custom_css_main_element_phone=&#8221;display: block;&#8221;][et_pb_text admin_label=&#8221;Rubrik &#8211; Ur projektans\u00f6kan&#8221; _builder_version=&#8221;4.20.4&#8243; _module_preset=&#8221;85ddcd9a-bba9-4dcd-9673-e023bb3f643a&#8221; text_font=&#8221;Oswald|500||on|||||&#8221; text_font_size_tablet=&#8221;14px&#8221; text_font_size_phone=&#8221;12px&#8221; text_font_size_last_edited=&#8221;on|phone&#8221; global_colors_info=&#8221;{}&#8221;]<\/p>\n<p>Ur Projektans\u00f6kan<\/p>\n<p>[\/et_pb_text][et_pb_text admin_label=&#8221;Text ur ans\u00f6kan&#8221; _builder_version=&#8221;4.27.7&#8243; _module_preset=&#8221;85ddcd9a-bba9-4dcd-9673-e023bb3f643a&#8221; global_colors_info=&#8221;{}&#8221;]<\/p>\n<h3>\u201dOmr\u00e5det skall ha ett barnperspektiv samt tillg\u00e4nglighetsanpassning och framf\u00f6rallt ska barn- och ungdomsverksamhet i r\u00f6relse st\u00e5 i fokus f\u00f6r olika anl\u00e4ggningar. &#8221;<\/h3>\n<p>[\/et_pb_text][\/et_pb_column][\/et_pb_row][\/et_pb_section][et_pb_section fb_built=&#8221;1&#8243; custom_padding_last_edited=&#8221;on|tablet&#8221; disabled_on=&#8221;on|on|on&#8221; _builder_version=&#8221;4.27.0&#8243; _module_preset=&#8221;default&#8221; custom_padding=&#8221;||||false|false&#8221; custom_padding_tablet=&#8221;0px||||false|false&#8221; custom_padding_phone=&#8221;0px||||false|false&#8221; disabled=&#8221;on&#8221; locked=&#8221;off&#8221; global_colors_info=&#8221;{}&#8221;][et_pb_row disabled_on=&#8221;off|off|off&#8221; _builder_version=&#8221;4.25.1&#8243; _module_preset=&#8221;default&#8221; global_colors_info=&#8221;{}&#8221;][et_pb_column type=&#8221;4_4&#8243; _builder_version=&#8221;4.20.4&#8243; _module_preset=&#8221;default&#8221; global_colors_info=&#8221;{}&#8221;][et_pb_gallery gallery_ids=&#8221;4368,4369,4370,4371,4372,4373,4374,4375,4376,4377&#8243; gallery_orderby=&#8221;rand&#8221; _builder_version=&#8221;4.25.1&#8243; _module_preset=&#8221;default&#8221; box_shadow_style_image=&#8221;preset1&#8243; global_colors_info=&#8221;{}&#8221;][\/et_pb_gallery][\/et_pb_column][\/et_pb_row][\/et_pb_section][et_pb_section fb_built=&#8221;1&#8243; custom_padding_last_edited=&#8221;on|tablet&#8221; admin_label=&#8221;Projektdetaljer&#8221; _builder_version=&#8221;4.20.4&#8243; _module_preset=&#8221;default&#8221; background_color=&#8221;#B6CCD7&#8243; custom_padding=&#8221;0px||0px||false|false&#8221; custom_padding_tablet=&#8221;0px||0px||false|false&#8221; custom_padding_phone=&#8221;0px||0px||false|false&#8221; locked=&#8221;off&#8221; global_colors_info=&#8221;{}&#8221;][et_pb_row column_structure=&#8221;1_3,1_3,1_3&#8243; admin_label=&#8221;Projektdetaljer&#8221; _builder_version=&#8221;4.20.4&#8243; _module_preset=&#8221;default&#8221; global_colors_info=&#8221;{}&#8221;][et_pb_column type=&#8221;1_3&#8243; _builder_version=&#8221;4.19.4&#8243; _module_preset=&#8221;default&#8221; global_colors_info=&#8221;{}&#8221;][et_pb_text admin_label=&#8221;Rubrik &#8211; Om projektet&#8221; _builder_version=&#8221;4.20.4&#8243; _module_preset=&#8221;c04db86c-e499-4427-86fb-2307eaad8705&#8243; text_font=&#8221;Oswald|500||on|||||&#8221; text_text_color=&#8221;#004769&#8243; text_font_size=&#8221;20px&#8221; text_font_size_tablet=&#8221;14px&#8221; text_font_size_phone=&#8221;12px&#8221; text_font_size_last_edited=&#8221;on|phone&#8221; locked=&#8221;off&#8221; global_colors_info=&#8221;{}&#8221;]<\/p>\n<p>Om projektet<\/p>\n<p>[\/et_pb_text][et_pb_text admin_label=&#8221;Projektperiod&#8221; _builder_version=&#8221;4.27.7&#8243; _module_preset=&#8221;default&#8221; custom_margin=&#8221;20px||20px||false|false&#8221; global_colors_info=&#8221;{}&#8221;]<\/p>\n<p><strong>Projektperiod<br \/><\/strong>2026-05-15 &#8211; P\u00e5g\u00e5ende<\/p>\n<p>[\/et_pb_text][et_pb_text admin_label=&#8221;Projekt\u00e4gare&#8221; _builder_version=&#8221;4.27.7&#8243; _module_preset=&#8221;default&#8221; custom_margin=&#8221;20px||20px||false|false&#8221; global_colors_info=&#8221;{}&#8221;]<\/p>\n<p><strong>Projekt\u00e4gare<br \/><\/strong>T\u00e4rna IK Fj\u00e4llvinden<\/p>\n<p>[\/et_pb_text][et_pb_text admin_label=&#8221;Projektledare&#8221; _builder_version=&#8221;4.27.7&#8243; _module_preset=&#8221;default&#8221; custom_margin=&#8221;20px||20px||false|false&#8221; global_colors_info=&#8221;{}&#8221;]<\/p>\n<p><strong>Projektledare<br \/><\/strong>Eva Helleberg<br \/>eva@helleberg.se<\/p>\n<p>[\/et_pb_text][\/et_pb_column][et_pb_column type=&#8221;1_3&#8243; _builder_version=&#8221;4.19.4&#8243; _module_preset=&#8221;default&#8221; global_colors_info=&#8221;{}&#8221;][et_pb_text admin_label=&#8221;Rubrik &#8211; Projektet i media&#8221; _builder_version=&#8221;4.20.4&#8243; _module_preset=&#8221;c04db86c-e499-4427-86fb-2307eaad8705&#8243; text_font=&#8221;Oswald|500||on|||||&#8221; text_text_color=&#8221;#004769&#8243; text_font_size=&#8221;20px&#8221; text_font_size_tablet=&#8221;14px&#8221; text_font_size_phone=&#8221;12px&#8221; text_font_size_last_edited=&#8221;on|phone&#8221; locked=&#8221;off&#8221; global_colors_info=&#8221;{}&#8221;]<\/p>\n<p>PROJEKTET I MEDIA<\/p>\n<p>[\/et_pb_text][et_pb_text disabled_on=&#8221;on|on|on&#8221; admin_label=&#8221;Webb och sociala medier&#8221; _builder_version=&#8221;4.27.0&#8243; _module_preset=&#8221;default&#8221; custom_margin=&#8221;20px||20px||false|false&#8221; disabled=&#8221;on&#8221; global_colors_info=&#8221;{}&#8221;]<\/p>\n<p><strong>Webb och Sociala medier<br \/><\/strong><a href=\"https:\/\/byafilm.se\/\" target=\"_blank\" rel=\"noopener\">Webbplats<\/a><\/p>\n<p>[\/et_pb_text][et_pb_divider color=&#8221;#004769&#8243; _builder_version=&#8221;4.20.4&#8243; _module_preset=&#8221;default&#8221; global_colors_info=&#8221;{}&#8221;][\/et_pb_divider][et_pb_text admin_label=&#8221;Har du l\u00e4st eller h\u00f6rt om projektet i media&#8221; _builder_version=&#8221;4.20.4&#8243; _module_preset=&#8221;default&#8221; custom_margin=&#8221;20px||20px||false|false&#8221; global_colors_info=&#8221;{}&#8221;]<\/p>\n<p>Har du l\u00e4st eller h\u00f6rt om projektet i media? Dela g\u00e4rna med dig av artikeln eller s\u00e4ndningen till oss via mejl: <a href=\"mailto:info@leaderlappland.se\">info@leaderlappland.se<\/a><\/p>\n<p>&nbsp;<\/p>\n<p>[\/et_pb_text][\/et_pb_column][et_pb_column type=&#8221;1_3&#8243; _builder_version=&#8221;4.19.4&#8243; _module_preset=&#8221;default&#8221; global_colors_info=&#8221;{}&#8221;][et_pb_text admin_label=&#8221;Rubrik &#8211; Om finansiering&#8221; _builder_version=&#8221;4.20.4&#8243; _module_preset=&#8221;c04db86c-e499-4427-86fb-2307eaad8705&#8243; text_font=&#8221;Oswald|500||on|||||&#8221; text_text_color=&#8221;#004769&#8243; text_font_size=&#8221;20px&#8221; text_font_size_tablet=&#8221;14px&#8221; text_font_size_phone=&#8221;12px&#8221; text_font_size_last_edited=&#8221;on|phone&#8221; locked=&#8221;off&#8221; global_colors_info=&#8221;{}&#8221;]<\/p>\n<p>Om finansiering<\/p>\n<p>[\/et_pb_text][et_pb_text admin_label=&#8221;Finansiering&#8221; _builder_version=&#8221;4.27.7&#8243; _module_preset=&#8221;default&#8221; custom_margin=&#8221;20px||20px||false|false&#8221; global_colors_info=&#8221;{}&#8221;]<\/p>\n<p><strong>Beviljat projektst\u00f6d<br \/><\/strong>151 868 kronor<\/p>\n<p><strong>Medfinansiering Leader Lappland 2030<\/strong><br \/>74 801 kronor<\/p>\n<p><strong>Total finansiering<br \/><\/strong>226 669 kronor<\/p>\n<p>[\/et_pb_text][et_pb_text admin_label=&#8221;Ideell tid&#8221; _builder_version=&#8221;4.27.7&#8243; _module_preset=&#8221;default&#8221; custom_margin=&#8221;20px||20px||false|false&#8221; global_colors_info=&#8221;{}&#8221;]<\/p>\n<p>Ut\u00f6ver ovanst\u00e5ende ber\u00e4knar projektet sig komma bidra med ideellt engagemang till ett v\u00e4rde av ca 45 334 kr.<\/p>\n<p>[\/et_pb_text][et_pb_text admin_label=&#8221;Fond&#8221; _builder_version=&#8221;4.27.7&#8243; _module_preset=&#8221;default&#8221; custom_margin=&#8221;20px||20px||false|false&#8221; global_colors_info=&#8221;{}&#8221;]<\/p>\n<p><b>Ing\u00e5ende EU-medel har beviljats ur:<br \/><\/b>Jordbruksfonden<\/p>\n<p>[\/et_pb_text][\/et_pb_column][\/et_pb_row][\/et_pb_section][et_pb_section fb_built=&#8221;1&#8243; _builder_version=&#8221;4.20.4&#8243; _module_preset=&#8221;default&#8221; global_colors_info=&#8221;{}&#8221;][et_pb_row column_structure=&#8221;2_5,3_5&#8243; _builder_version=&#8221;4.20.4&#8243; _module_preset=&#8221;default&#8221; global_colors_info=&#8221;{}&#8221;][et_pb_column type=&#8221;2_5&#8243; _builder_version=&#8221;4.20.4&#8243; _module_preset=&#8221;default&#8221; global_colors_info=&#8221;{}&#8221;][et_pb_text admin_label=&#8221;Rubrik &#8211; LAG-styrelsens beslutsmotivering&#8221; _builder_version=&#8221;4.20.4&#8243; _module_preset=&#8221;c04db86c-e499-4427-86fb-2307eaad8705&#8243; text_font=&#8221;Oswald|500||on|||||&#8221; text_text_color=&#8221;#004769&#8243; text_font_size=&#8221;20px&#8221; text_font_size_tablet=&#8221;14px&#8221; text_font_size_phone=&#8221;12px&#8221; text_font_size_last_edited=&#8221;on|phone&#8221; locked=&#8221;off&#8221; global_colors_info=&#8221;{}&#8221;]<\/p>\n<p>LAG-styrelsens beslutsmotivering<\/p>\n<p>[\/et_pb_text][\/et_pb_column][et_pb_column type=&#8221;3_5&#8243; _builder_version=&#8221;4.20.4&#8243; _module_preset=&#8221;default&#8221; global_colors_info=&#8221;{}&#8221;][et_pb_text admin_label=&#8221;LAG-styrelsens beslutsmotivering&#8221; _builder_version=&#8221;4.27.7&#8243; _module_preset=&#8221;default&#8221; global_colors_info=&#8221;{}&#8221;]<\/p>\n<p>LAG-styrelsen besl\u00f6t att prioritera ans\u00f6kan d\u00e5 projektet genom att ta fram en<br \/>f\u00f6rstudie f\u00f6r Uddens framtida utveckling skapar f\u00f6ruts\u00e4ttningar f\u00f6r att st\u00e4rka<br \/>en unik kulturmilj\u00f6 och utveckla f\u00f6reningslivet i T\u00e4rnabygden. F\u00f6rstudien<br \/>m\u00f6jligg\u00f6r en brett f\u00f6rankrad och l\u00e5ngsiktigt h\u00e5llbar plan f\u00f6r omr\u00e5det, med<br \/>s\u00e4rskilt fokus p\u00e5 barn och unga, tillg\u00e4nglighet och samverkan mellan<br \/>f\u00f6reningar och lokala akt\u00f6rer<\/p>\n<p>[\/et_pb_text][\/et_pb_column][\/et_pb_row][\/et_pb_section]<\/p>\n","protected":false},"excerpt":{"rendered":"<p>The Point has been a gathering place for the community for many decades, with dances, markets, and other events. Now the association is conducting a feasibility study to explore how the area can be developed and take on a new role for the future of T\u00e4rnaby.<\/p>","protected":false},"featured_media":570,"template":"","meta":{"_acf_changed":false,"_et_pb_use_builder":"on","_et_pb_old_content":"","_et_gb_content_width":"","_links_to":"","_links_to_target":""},"projektstatus":[13],"plats_for_genomforande":[35],"insatsomrade":[24],"projektagare":[39],"projekttyp":[40],"programperiod":[22],"class_list":["post-6367","projekt","type-projekt","status-publish","has-post-thumbnail","hentry","projektstatus-aktuellt","plats_for_genomforande-storuman","insatsomrade-attraktiv-och-hallbar-boenderegion","projektagare-agare-a-2","projekttyp-typ-b","programperiod-nuvarandeperiod"],"acf":[],"yoast_head":"<!-- This site is optimized with the Yoast SEO plugin v28.2 - https:\/\/yoast.com\/product\/yoast-seo-wordpress\/ -->\n<title>Udden - Framtiden - Leader Lappland 2030<\/title>\n<meta name=\"description\" content=\"Nu genomf\u00f6r f\u00f6reningen en f\u00f6rstudie f\u00f6r att unders\u00f6ka hur omr\u00e5det kan utvecklas och f\u00e5 en ny roll f\u00f6r framtidens T\u00e4rnaby.\" \/>\n<meta name=\"robots\" content=\"index, follow, max-snippet:-1, max-image-preview:large, max-video-preview:-1\" \/>\n<link rel=\"canonical\" href=\"https:\/\/lappland2030.se\/en\/projekt\/udden\/\" \/>\n<meta property=\"og:locale\" content=\"en_US\" \/>\n<meta property=\"og:type\" content=\"article\" \/>\n<meta property=\"og:title\" content=\"Udden - Framtiden - Leader Lappland 2030\" \/>\n<meta property=\"og:description\" content=\"Nu genomf\u00f6r f\u00f6reningen en f\u00f6rstudie f\u00f6r att unders\u00f6ka hur omr\u00e5det kan utvecklas och f\u00e5 en ny roll f\u00f6r framtidens T\u00e4rnaby.\" \/>\n<meta property=\"og:url\" content=\"https:\/\/lappland2030.se\/en\/projekt\/udden\/\" \/>\n<meta property=\"og:site_name\" content=\"Leader Lappland 2030\" \/>\n<meta property=\"article:publisher\" content=\"https:\/\/www.facebook.com\/leaderlappland\/\" \/>\n<meta property=\"article:modified_time\" content=\"2026-09-02T12:54:36+00:00\" \/>\n<meta property=\"og:image\" content=\"https:\/\/lappland2030.se\/wp-content\/uploads\/sites\/13\/2023\/01\/Leader_Bilder_1080x10808.jpg\" \/>\n\t<meta property=\"og:image:width\" content=\"1080\" \/>\n\t<meta property=\"og:image:height\" content=\"1080\" \/>\n\t<meta property=\"og:image:type\" content=\"image\/jpeg\" \/>\n<meta name=\"twitter:card\" content=\"summary_large_image\" \/>\n<meta name=\"twitter:label1\" content=\"Est. reading time\" \/>\n\t<meta name=\"twitter:data1\" content=\"3 minutes\" \/>\n<script type=\"application\/ld+json\" class=\"yoast-schema-graph\">{\"@context\":\"https:\\\/\\\/schema.org\",\"@graph\":[{\"@type\":\"WebPage\",\"@id\":\"https:\\\/\\\/lappland2030.se\\\/projekt\\\/udden\\\/\",\"url\":\"https:\\\/\\\/lappland2030.se\\\/projekt\\\/udden\\\/\",\"name\":\"Udden - Framtiden - Leader Lappland 2030\",\"isPartOf\":{\"@id\":\"https:\\\/\\\/lappland2030.se\\\/#website\"},\"primaryImageOfPage\":{\"@id\":\"https:\\\/\\\/lappland2030.se\\\/projekt\\\/udden\\\/#primaryimage\"},\"image\":{\"@id\":\"https:\\\/\\\/lappland2030.se\\\/projekt\\\/udden\\\/#primaryimage\"},\"thumbnailUrl\":\"https:\\\/\\\/lappland2030.se\\\/wp-content\\\/uploads\\\/sites\\\/13\\\/2023\\\/01\\\/Leader_Bilder_1080x10808.jpg\",\"datePublished\":\"2026-09-02T12:49:53+00:00\",\"dateModified\":\"2026-09-02T12:54:36+00:00\",\"description\":\"Nu genomf\u00f6r f\u00f6reningen en f\u00f6rstudie f\u00f6r att unders\u00f6ka hur omr\u00e5det kan utvecklas och f\u00e5 en ny roll f\u00f6r framtidens T\u00e4rnaby.\",\"breadcrumb\":{\"@id\":\"https:\\\/\\\/lappland2030.se\\\/projekt\\\/udden\\\/#breadcrumb\"},\"inLanguage\":\"en-US\",\"potentialAction\":[{\"@type\":\"ReadAction\",\"target\":[\"https:\\\/\\\/lappland2030.se\\\/projekt\\\/udden\\\/\"]}]},{\"@type\":\"ImageObject\",\"inLanguage\":\"en-US\",\"@id\":\"https:\\\/\\\/lappland2030.se\\\/projekt\\\/udden\\\/#primaryimage\",\"url\":\"https:\\\/\\\/lappland2030.se\\\/wp-content\\\/uploads\\\/sites\\\/13\\\/2023\\\/01\\\/Leader_Bilder_1080x10808.jpg\",\"contentUrl\":\"https:\\\/\\\/lappland2030.se\\\/wp-content\\\/uploads\\\/sites\\\/13\\\/2023\\\/01\\\/Leader_Bilder_1080x10808.jpg\",\"width\":1080,\"height\":1080},{\"@type\":\"BreadcrumbList\",\"@id\":\"https:\\\/\\\/lappland2030.se\\\/projekt\\\/udden\\\/#breadcrumb\",\"itemListElement\":[{\"@type\":\"ListItem\",\"position\":1,\"name\":\"Hem\",\"item\":\"https:\\\/\\\/lappland2030.se\\\/\"},{\"@type\":\"ListItem\",\"position\":2,\"name\":\"Udden &#8211; Framtiden\"}]},{\"@type\":\"WebSite\",\"@id\":\"https:\\\/\\\/lappland2030.se\\\/#website\",\"url\":\"https:\\\/\\\/lappland2030.se\\\/\",\"name\":\"Leader Lappland 2030\",\"description\":\"Tillsammans f\u00e5r vi landsbygden att leva\",\"potentialAction\":[{\"@type\":\"SearchAction\",\"target\":{\"@type\":\"EntryPoint\",\"urlTemplate\":\"https:\\\/\\\/lappland2030.se\\\/?s={search_term_string}\"},\"query-input\":{\"@type\":\"PropertyValueSpecification\",\"valueRequired\":true,\"valueName\":\"search_term_string\"}}],\"inLanguage\":\"en-US\"}]}<\/script>\n<!-- \/ Yoast SEO plugin. -->","yoast_head_json":{"title":"Udden - Framtiden - Leader Lappland 2030","description":"Nu genomf\u00f6r f\u00f6reningen en f\u00f6rstudie f\u00f6r att unders\u00f6ka hur omr\u00e5det kan utvecklas och f\u00e5 en ny roll f\u00f6r framtidens T\u00e4rnaby.","robots":{"index":"index","follow":"follow","max-snippet":"max-snippet:-1","max-image-preview":"max-image-preview:large","max-video-preview":"max-video-preview:-1"},"canonical":"https:\/\/lappland2030.se\/en\/projekt\/udden\/","og_locale":"en_US","og_type":"article","og_title":"Udden - Framtiden - Leader Lappland 2030","og_description":"Nu genomf\u00f6r f\u00f6reningen en f\u00f6rstudie f\u00f6r att unders\u00f6ka hur omr\u00e5det kan utvecklas och f\u00e5 en ny roll f\u00f6r framtidens T\u00e4rnaby.","og_url":"https:\/\/lappland2030.se\/en\/projekt\/udden\/","og_site_name":"Leader Lappland 2030","article_publisher":"https:\/\/www.facebook.com\/leaderlappland\/","article_modified_time":"2026-09-02T12:54:36+00:00","og_image":[{"width":1080,"height":1080,"url":"https:\/\/lappland2030.se\/wp-content\/uploads\/sites\/13\/2023\/01\/Leader_Bilder_1080x10808.jpg","type":"image\/jpeg"}],"twitter_card":"summary_large_image","twitter_misc":{"Est. reading time":"3 minutes"},"schema":{"@context":"https:\/\/schema.org","@graph":[{"@type":"WebPage","@id":"https:\/\/lappland2030.se\/projekt\/udden\/","url":"https:\/\/lappland2030.se\/projekt\/udden\/","name":"Udden - Framtiden - Leader Lappland 2030","isPartOf":{"@id":"https:\/\/lappland2030.se\/#website"},"primaryImageOfPage":{"@id":"https:\/\/lappland2030.se\/projekt\/udden\/#primaryimage"},"image":{"@id":"https:\/\/lappland2030.se\/projekt\/udden\/#primaryimage"},"thumbnailUrl":"https:\/\/lappland2030.se\/wp-content\/uploads\/sites\/13\/2023\/01\/Leader_Bilder_1080x10808.jpg","datePublished":"2026-09-02T12:49:53+00:00","dateModified":"2026-09-02T12:54:36+00:00","description":"Nu genomf\u00f6r f\u00f6reningen en f\u00f6rstudie f\u00f6r att unders\u00f6ka hur omr\u00e5det kan utvecklas och f\u00e5 en ny roll f\u00f6r framtidens T\u00e4rnaby.","breadcrumb":{"@id":"https:\/\/lappland2030.se\/projekt\/udden\/#breadcrumb"},"inLanguage":"en-US","potentialAction":[{"@type":"ReadAction","target":["https:\/\/lappland2030.se\/projekt\/udden\/"]}]},{"@type":"ImageObject","inLanguage":"en-US","@id":"https:\/\/lappland2030.se\/projekt\/udden\/#primaryimage","url":"https:\/\/lappland2030.se\/wp-content\/uploads\/sites\/13\/2023\/01\/Leader_Bilder_1080x10808.jpg","contentUrl":"https:\/\/lappland2030.se\/wp-content\/uploads\/sites\/13\/2023\/01\/Leader_Bilder_1080x10808.jpg","width":1080,"height":1080},{"@type":"BreadcrumbList","@id":"https:\/\/lappland2030.se\/projekt\/udden\/#breadcrumb","itemListElement":[{"@type":"ListItem","position":1,"name":"Hem","item":"https:\/\/lappland2030.se\/"},{"@type":"ListItem","position":2,"name":"Udden &#8211; Framtiden"}]},{"@type":"WebSite","@id":"https:\/\/lappland2030.se\/#website","url":"https:\/\/lappland2030.se\/","name":"Leader Lapland 2030","description":"Together we make the countryside live","potentialAction":[{"@type":"SearchAction","target":{"@type":"EntryPoint","urlTemplate":"https:\/\/lappland2030.se\/?s={search_term_string}"},"query-input":{"@type":"PropertyValueSpecification","valueRequired":true,"valueName":"search_term_string"}}],"inLanguage":"en-US"}]}},"_links":{"self":[{"href":"https:\/\/lappland2030.se\/en\/wp-json\/wp\/v2\/projekt\/6367","targetHints":{"allow":["GET"]}}],"collection":[{"href":"https:\/\/lappland2030.se\/en\/wp-json\/wp\/v2\/projekt"}],"about":[{"href":"https:\/\/lappland2030.se\/en\/wp-json\/wp\/v2\/types\/projekt"}],"version-history":[{"count":5,"href":"https:\/\/lappland2030.se\/en\/wp-json\/wp\/v2\/projekt\/6367\/revisions"}],"predecessor-version":[{"id":6374,"href":"https:\/\/lappland2030.se\/en\/wp-json\/wp\/v2\/projekt\/6367\/revisions\/6374"}],"wp:featuredmedia":[{"embeddable":true,"href":"https:\/\/lappland2030.se\/en\/wp-json\/wp\/v2\/media\/570"}],"wp:attachment":[{"href":"https:\/\/lappland2030.se\/en\/wp-json\/wp\/v2\/media?parent=6367"}],"wp:term":[{"taxonomy":"projektstatus","embeddable":true,"href":"https:\/\/lappland2030.se\/en\/wp-json\/wp\/v2\/projektstatus?post=6367"},{"taxonomy":"plats_for_genomforande","embeddable":true,"href":"https:\/\/lappland2030.se\/en\/wp-json\/wp\/v2\/plats_for_genomforande?post=6367"},{"taxonomy":"insatsomrade","embeddable":true,"href":"https:\/\/lappland2030.se\/en\/wp-json\/wp\/v2\/insatsomrade?post=6367"},{"taxonomy":"projektagare","embeddable":true,"href":"https:\/\/lappland2030.se\/en\/wp-json\/wp\/v2\/projektagare?post=6367"},{"taxonomy":"projekttyp","embeddable":true,"href":"https:\/\/lappland2030.se\/en\/wp-json\/wp\/v2\/projekttyp?post=6367"},{"taxonomy":"programperiod","embeddable":true,"href":"https:\/\/lappland2030.se\/en\/wp-json\/wp\/v2\/programperiod?post=6367"}],"curies":[{"name":"wp","href":"https:\/\/api.w.org\/{rel}","templated":true}]}}