{"id":6377,"date":"2026-09-02T15:08:54","date_gmt":"2026-09-02T13:08:54","guid":{"rendered":"https:\/\/lappland2030.se\/?post_type=projekt&#038;p=6377"},"modified":"2026-09-02T15:08:55","modified_gmt":"2026-09-02T13:08:55","slug":"saxnas","status":"publish","type":"projekt","link":"https:\/\/lappland2030.se\/en\/projekt\/saxnas\/","title":{"rendered":"See you in Saxn\u00e4s!"},"content":{"rendered":"<p>[et_pb_section fb_built=&#8221;1&#8243; _builder_version=&#8221;4.18.1&#8243; _module_preset=&#8221;default&#8221; custom_margin=&#8221;0px|0px|0px|0px|false|false&#8221; custom_padding=&#8221;0px|0px|0px|0px|false|false&#8221; locked=&#8221;off&#8221; global_colors_info=&#8221;{}&#8221; theme_builder_area=&#8221;post_content&#8221;][et_pb_row column_structure=&#8221;1_2,1_2&#8243; use_custom_gutter=&#8221;on&#8221; gutter_width=&#8221;1&#8243; make_equal=&#8221;on&#8221; _builder_version=&#8221;4.27.7&#8243; _module_preset=&#8221;default&#8221; width=&#8221;100%&#8221; max_width=&#8221;100%&#8221; custom_margin=&#8221;0px|0px|0px|0px|false|false&#8221; custom_padding=&#8221;0px|0px|0px|0px|false|false&#8221; hover_enabled=&#8221;0&#8243; global_colors_info=&#8221;{}&#8221; theme_builder_area=&#8221;post_content&#8221; sticky_enabled=&#8221;0&#8243;][et_pb_column type=&#8221;1_2&#8243; _builder_version=&#8221;4.20.4&#8243; _module_preset=&#8221;default&#8221; background_color=&#8221;#B6CCD7&#8243; background_image=&#8221;https:\/\/lappland2030.se\/wp-content\/uploads\/sites\/13\/2022\/12\/leaf.png&#8221; background_size=&#8221;custom&#8221; background_image_width=&#8221;300px&#8221; background_position=&#8221;bottom_left&#8221; background_horizontal_offset=&#8221;-100px&#8221; background_vertical_offset=&#8221;-350px&#8221; custom_padding=&#8221;120px|40px|120px|120px|false|false&#8221; custom_padding_tablet=&#8221;100px|40px|100px|80px|false|false&#8221; custom_padding_phone=&#8221;80px|40px|80px|40px|false|false&#8221; background_last_edited=&#8221;on|desktop&#8221; background_size_tablet=&#8221;custom&#8221; background_image_width_tablet=&#8221;220px&#8221; background_image_width_phone=&#8221;240px&#8221; background_position_tablet=&#8221;top_left&#8221; background_position_phone=&#8221;bottom_left&#8221; background_horizontal_offset_tablet=&#8221;-30px&#8221; background_horizontal_offset_phone=&#8221;-80px&#8221; background_vertical_offset_tablet=&#8221;220px&#8221; background_vertical_offset_phone=&#8221;-260px&#8221; global_colors_info=&#8221;{}&#8221; custom_css_main_element_last_edited=&#8221;off|desktop&#8221; theme_builder_area=&#8221;post_content&#8221;][et_pb_text admin_label=&#8221;Projektnamn&#8221; _builder_version=&#8221;4.27.7&#8243; _module_preset=&#8221;default&#8221; header_font=&#8221;Oswald|500||on|||||&#8221; header_text_color=&#8221;#004769&#8243; header_font_size=&#8221;56px&#8221; max_width_tablet=&#8221;&#8221; max_width_phone=&#8221;&#8221; max_width_last_edited=&#8221;on|desktop&#8221; header_font_size_tablet=&#8221;52px&#8221; header_font_size_phone=&#8221;48px&#8221; global_colors_info=&#8221;{}&#8221; theme_builder_area=&#8221;post_content&#8221;]<\/p>\n<h1 class=\"fusion-responsive-typography-calculated\" data-fontsize=\"45\" data-lineheight=\"52.2px\">Vi ses i Saxn\u00e4s!<\/h1>\n<p>[\/et_pb_text][et_pb_text admin_label=&#8221;Kort text om projektet&#8221; _builder_version=&#8221;4.27.7&#8243; _module_preset=&#8221;85ddcd9a-bba9-4dcd-9673-e023bb3f643a&#8221; text_text_color=&#8221;#004769&#8243; max_width=&#8221;589px&#8221; custom_padding=&#8221;|0px|0px|||&#8221; global_colors_info=&#8221;{}&#8221; theme_builder_area=&#8221;post_content&#8221;]<\/p>\n<p>I Saxn\u00e4s skapas tv\u00e5 nya m\u00f6tesplatser f\u00f6r aktivitet och gemenskap \u2013 en lekplats mitt i byn och en replift f\u00f6r skid\u00e5kning vintertid. Satsningen ska ge framf\u00f6r allt barn och unga b\u00e4ttre m\u00f6jligheter till lek, r\u00f6relse och spontana m\u00f6ten \u00e5ret runt.<\/p>\n<p>[\/et_pb_text][\/et_pb_column][et_pb_column type=&#8221;1_2&#8243; _builder_version=&#8221;4.27.7&#8243; _module_preset=&#8221;default&#8221; background_color=&#8221;#B6CCD7&#8243; background_image=&#8221;https:\/\/lappland2030.se\/wp-content\/uploads\/sites\/13\/2023\/01\/Leader_Bilder_1080x108010.jpg&#8221; background_position=&#8221;bottom_center&#8221; background_vertical_offset=&#8221;29%&#8221; custom_padding=&#8221;0px|0px|0px|0px|false|false&#8221; custom_padding_last_edited=&#8221;off|desktop&#8221; hover_enabled=&#8221;0&#8243; global_colors_info=&#8221;{}&#8221; theme_builder_area=&#8221;post_content&#8221; title_text=&#8221;Leader_Bilder_1080x108010&#8243; sticky_enabled=&#8221;0&#8243;][\/et_pb_column][\/et_pb_row][\/et_pb_section][et_pb_section fb_built=&#8221;1&#8243; custom_padding_last_edited=&#8221;on|tablet&#8221; _builder_version=&#8221;4.19.4&#8243; _module_preset=&#8221;default&#8221; custom_padding=&#8221;||0px|9px|false|false&#8221; custom_padding_tablet=&#8221;0px||0px||false|false&#8221; custom_padding_phone=&#8221;0px||0px||false|false&#8221; locked=&#8221;off&#8221; global_colors_info=&#8221;{}&#8221; theme_builder_area=&#8221;post_content&#8221;][et_pb_row column_structure=&#8221;2_5,3_5&#8243; _builder_version=&#8221;4.19.4&#8243; _module_preset=&#8221;default&#8221; global_colors_info=&#8221;{}&#8221; theme_builder_area=&#8221;post_content&#8221;][et_pb_column type=&#8221;2_5&#8243; _builder_version=&#8221;4.19.4&#8243; _module_preset=&#8221;default&#8221; global_colors_info=&#8221;{}&#8221; theme_builder_area=&#8221;post_content&#8221;][et_pb_text admin_label=&#8221;Rubrik &#8211; Syfte och M\u00e5l&#8221; _builder_version=&#8221;4.27.6&#8243; _module_preset=&#8221;default&#8221; custom_padding=&#8221;||||false|false&#8221; global_colors_info=&#8221;{}&#8221; theme_builder_area=&#8221;post_content&#8221;]<\/p>\n<h2>Syfte och m\u00e5l<\/h2>\n<p>[\/et_pb_text][et_pb_text admin_label=&#8221;Syfte och m\u00e5l ur beslut&#8221; _builder_version=&#8221;4.27.7&#8243; _module_preset=&#8221;default&#8221; hover_enabled=&#8221;0&#8243; global_colors_info=&#8221;{}&#8221; theme_builder_area=&#8221;post_content&#8221; sticky_enabled=&#8221;0&#8243;]<\/p>\n<h4><strong>Syftet med projektet \u00e4r:<\/strong><\/h4>\n<p><em>att st\u00e4rka gemenskap, trivsel och framtidstro i Saxn\u00e4s genom att skapa en attraktiv och tillg\u00e4nglig m\u00f6tesplats f\u00f6r barn, unga, familjer, bybor och bes\u00f6kare.<\/em><\/p>\n<h4><strong>M\u00e5let med projektet \u00e4r:<\/strong><\/h4>\n<p><em>att anl\u00e4gga en lekplats, ett utflyktsomr\u00e5de och en replift i Saxn\u00e4s som skapar m\u00f6jligheter till lek, fysisk aktivitet, social samvaro och friluftsliv \u00e5ret runt.<\/em><\/p>\n<p>[\/et_pb_text][\/et_pb_column][et_pb_column type=&#8221;3_5&#8243; _builder_version=&#8221;4.19.4&#8243; _module_preset=&#8221;default&#8221; custom_padding_tablet=&#8221;0px|30px|0px|30px|false|false&#8221; global_colors_info=&#8221;{}&#8221; theme_builder_area=&#8221;post_content&#8221;][et_pb_text admin_label=&#8221;Rubrik &#8211; Om projektet&#8221; _builder_version=&#8221;4.20.4&#8243; _module_preset=&#8221;default&#8221; custom_padding=&#8221;||||false|false&#8221; global_colors_info=&#8221;{}&#8221; theme_builder_area=&#8221;post_content&#8221;]<\/p>\n<h2>Om projektet<\/h2>\n<p>[\/et_pb_text][et_pb_text admin_label=&#8221;Om projektet&#8221; _builder_version=&#8221;4.27.7&#8243; _module_preset=&#8221;default&#8221; global_colors_info=&#8221;{}&#8221; theme_builder_area=&#8221;post_content&#8221;]<\/p>\n<p class=\"isSelectedEnd\">I Saxn\u00e4s finns ett starkt engagemang f\u00f6r bygdens framtid. Genom ett tidigare visionsarbete har byborna tillsammans lyft behovet av fler m\u00f6tesplatser och aktiviteter som skapar gemenskap och g\u00f6r byn attraktiv f\u00f6r b\u00e5de boende och bes\u00f6kare.<\/p>\n<p class=\"isSelectedEnd\">Nu blir n\u00e5gra av id\u00e9erna verklighet genom projektet <em>Vi ses i Saxn\u00e4s!<\/em><\/p>\n<p class=\"isSelectedEnd\">Mitt i byn ska en ny lekplats byggas, utformad f\u00f6r att passa barn i olika \u00e5ldrar och skapa en naturlig plats f\u00f6r b\u00e5de lek och m\u00f6ten. H\u00e4r ska barn kunna tr\u00e4ffas och leka samtidigt som f\u00f6r\u00e4ldrar och andra vuxna f\u00e5r en plats att umg\u00e5s.<\/p>\n<p class=\"isSelectedEnd\">Projektet omfattar ocks\u00e5 en replift som ska ge barn och nyb\u00f6rjare b\u00e4ttre m\u00f6jligheter till skid\u00e5kning i byn. Liften skapar en mer l\u00e4ttillg\u00e4nglig plats f\u00f6r spontan vinteraktivitet och g\u00f6r det enklare f\u00f6r fler att prova p\u00e5 skid\u00e5kning.<\/p>\n<p class=\"isSelectedEnd\">Bakom satsningen st\u00e5r Saxn\u00e4s Idrotts- och Bygdef\u00f6rening tillsammans med Saxn\u00e4s Samf\u00e4llighetsf\u00f6rening och Klimpfj\u00e4lls alpina klubb. Barn och unga involveras ocks\u00e5 i projektet och f\u00e5r vara med och p\u00e5verka hur de nya m\u00f6tesplatserna utformas.<\/p>\n<p>Genom satsningen vill f\u00f6reningarna skapa mer r\u00f6relsegl\u00e4dje och gemenskap och samtidigt st\u00e4rka Saxn\u00e4s som en plats d\u00e4r m\u00e4nniskor kan m\u00f6tas, trivas och vara aktiva \u00e5ret runt.<\/p>\n<p>[\/et_pb_text][\/et_pb_column][\/et_pb_row][\/et_pb_section][et_pb_section fb_built=&#8221;1&#8243; custom_padding_last_edited=&#8221;on|tablet&#8221; _builder_version=&#8221;4.19.4&#8243; _module_preset=&#8221;default&#8221; custom_padding=&#8221;||0px||false|false&#8221; custom_padding_tablet=&#8221;0px||0px||false|false&#8221; custom_padding_phone=&#8221;0px||0px||false|false&#8221; locked=&#8221;off&#8221; global_colors_info=&#8221;{}&#8221; theme_builder_area=&#8221;post_content&#8221;][et_pb_row column_structure=&#8221;1_2,1_2&#8243; _builder_version=&#8221;4.19.4&#8243; _module_preset=&#8221;f5fa9002-e1ac-46a1-bbe6-abcf9e7f7c4e&#8221; background_color=&#8221;#0C4160&#8243; custom_css_main_element=&#8221;display: flex;&#8221; locked=&#8221;off&#8221; global_colors_info=&#8221;{}&#8221; custom_css_main_element_tablet=&#8221;display: block&#8221; theme_builder_area=&#8221;post_content&#8221;][et_pb_column type=&#8221;1_2&#8243; _builder_version=&#8221;4.18.1&#8243; _module_preset=&#8221;46324cd7-25ce-45c8-b351-a4d0778ffc36&#8243; custom_padding=&#8221;0px|0px|0px|0px|false|false&#8221; custom_padding_tablet=&#8221;0px|0px|0px|0px|false|false&#8221; custom_padding_phone=&#8221;0px|0px|30px|0px|false|false&#8221; custom_padding_last_edited=&#8221;on|phone&#8221; global_colors_info=&#8221;{}&#8221; theme_builder_area=&#8221;post_content&#8221;][et_pb_image src=&#8221;https:\/\/lappland2030.se\/wp-content\/uploads\/sites\/13\/2023\/01\/uransokan.png&#8221; title_text=&#8221;urans\u00f6kan&#8221; _builder_version=&#8221;4.19.5&#8243; _module_preset=&#8221;default&#8221; global_colors_info=&#8221;{}&#8221; theme_builder_area=&#8221;post_content&#8221;][\/et_pb_image][\/et_pb_column][et_pb_column type=&#8221;1_2&#8243; _builder_version=&#8221;4.19.4&#8243; _module_preset=&#8221;46324cd7-25ce-45c8-b351-a4d0778ffc36&#8243; custom_padding=&#8221;40px|40px||40px|false|false&#8221; custom_padding_tablet=&#8221;30px|30px||30px|false|false&#8221; custom_padding_phone=&#8221;0px|0px||0px|false|false&#8221; custom_padding_last_edited=&#8221;on|phone&#8221; custom_css_main_element=&#8221;display: flex;||flex-direction: column;||justify-content: center;&#8221; global_colors_info=&#8221;{}&#8221; custom_css_main_element_tablet=&#8221;display: block;&#8221; custom_css_main_element_phone=&#8221;display: block;&#8221; theme_builder_area=&#8221;post_content&#8221;][et_pb_text admin_label=&#8221;Rubrik &#8211; Ur projektans\u00f6kan&#8221; _builder_version=&#8221;4.20.4&#8243; _module_preset=&#8221;85ddcd9a-bba9-4dcd-9673-e023bb3f643a&#8221; text_font=&#8221;Oswald|500||on|||||&#8221; text_font_size_tablet=&#8221;14px&#8221; text_font_size_phone=&#8221;12px&#8221; text_font_size_last_edited=&#8221;on|phone&#8221; global_colors_info=&#8221;{}&#8221; theme_builder_area=&#8221;post_content&#8221;]<\/p>\n<p>Ur Projektans\u00f6kan<\/p>\n<p>[\/et_pb_text][et_pb_text admin_label=&#8221;Text ur ans\u00f6kan&#8221; _builder_version=&#8221;4.27.7&#8243; _module_preset=&#8221;85ddcd9a-bba9-4dcd-9673-e023bb3f643a&#8221; hover_enabled=&#8221;0&#8243; global_colors_info=&#8221;{}&#8221; theme_builder_area=&#8221;post_content&#8221; sticky_enabled=&#8221;0&#8243;]<\/p>\n<h3>\u201dVi vill skapa en plats f\u00f6r aktiviteter och samvaro, f\u00f6r barn, bybor och bes\u00f6kare. En plats som bidrar till r\u00f6relsegl\u00e4dje, gemenskap och en mer attraktiv by. En by d\u00e4r unga stannar, d\u00e4r m\u00e4nniskor bildar familj och dit folk flyttar. En plats f\u00f6r framtidstro. &#8221;<\/h3>\n<p>[\/et_pb_text][\/et_pb_column][\/et_pb_row][\/et_pb_section][et_pb_section fb_built=&#8221;1&#8243; custom_padding_last_edited=&#8221;on|tablet&#8221; disabled_on=&#8221;on|on|on&#8221; _builder_version=&#8221;4.27.0&#8243; _module_preset=&#8221;default&#8221; custom_padding=&#8221;||||false|false&#8221; custom_padding_tablet=&#8221;0px||||false|false&#8221; custom_padding_phone=&#8221;0px||||false|false&#8221; disabled=&#8221;on&#8221; locked=&#8221;off&#8221; global_colors_info=&#8221;{}&#8221; theme_builder_area=&#8221;post_content&#8221;][et_pb_row disabled_on=&#8221;off|off|off&#8221; _builder_version=&#8221;4.25.1&#8243; _module_preset=&#8221;default&#8221; global_colors_info=&#8221;{}&#8221; theme_builder_area=&#8221;post_content&#8221;][et_pb_column type=&#8221;4_4&#8243; _builder_version=&#8221;4.20.4&#8243; _module_preset=&#8221;default&#8221; global_colors_info=&#8221;{}&#8221; theme_builder_area=&#8221;post_content&#8221;][et_pb_gallery gallery_ids=&#8221;4368,4369,4370,4371,4372,4373,4374,4375,4376,4377&#8243; gallery_orderby=&#8221;rand&#8221; _builder_version=&#8221;4.25.1&#8243; _module_preset=&#8221;default&#8221; box_shadow_style_image=&#8221;preset1&#8243; global_colors_info=&#8221;{}&#8221; theme_builder_area=&#8221;post_content&#8221;][\/et_pb_gallery][\/et_pb_column][\/et_pb_row][\/et_pb_section][et_pb_section fb_built=&#8221;1&#8243; custom_padding_last_edited=&#8221;on|tablet&#8221; admin_label=&#8221;Projektdetaljer&#8221; _builder_version=&#8221;4.20.4&#8243; _module_preset=&#8221;default&#8221; background_color=&#8221;#B6CCD7&#8243; custom_padding=&#8221;0px||0px||false|false&#8221; custom_padding_tablet=&#8221;0px||0px||false|false&#8221; custom_padding_phone=&#8221;0px||0px||false|false&#8221; locked=&#8221;off&#8221; global_colors_info=&#8221;{}&#8221; theme_builder_area=&#8221;post_content&#8221;][et_pb_row column_structure=&#8221;1_3,1_3,1_3&#8243; admin_label=&#8221;Projektdetaljer&#8221; _builder_version=&#8221;4.20.4&#8243; _module_preset=&#8221;default&#8221; global_colors_info=&#8221;{}&#8221; theme_builder_area=&#8221;post_content&#8221;][et_pb_column type=&#8221;1_3&#8243; _builder_version=&#8221;4.19.4&#8243; _module_preset=&#8221;default&#8221; global_colors_info=&#8221;{}&#8221; theme_builder_area=&#8221;post_content&#8221;][et_pb_text admin_label=&#8221;Rubrik &#8211; Om projektet&#8221; _builder_version=&#8221;4.20.4&#8243; _module_preset=&#8221;c04db86c-e499-4427-86fb-2307eaad8705&#8243; text_font=&#8221;Oswald|500||on|||||&#8221; text_text_color=&#8221;#004769&#8243; text_font_size=&#8221;20px&#8221; text_font_size_tablet=&#8221;14px&#8221; text_font_size_phone=&#8221;12px&#8221; text_font_size_last_edited=&#8221;on|phone&#8221; locked=&#8221;off&#8221; global_colors_info=&#8221;{}&#8221; theme_builder_area=&#8221;post_content&#8221;]<\/p>\n<p>Om projektet<\/p>\n<p>[\/et_pb_text][et_pb_text admin_label=&#8221;Projektperiod&#8221; _builder_version=&#8221;4.27.7&#8243; _module_preset=&#8221;default&#8221; custom_margin=&#8221;20px||20px||false|false&#8221; hover_enabled=&#8221;0&#8243; global_colors_info=&#8221;{}&#8221; theme_builder_area=&#8221;post_content&#8221; sticky_enabled=&#8221;0&#8243;]<\/p>\n<p><strong>Projektperiod<br \/><\/strong>2026-08-20 &#8211; P\u00e5g\u00e5ende<\/p>\n<p>[\/et_pb_text][et_pb_text admin_label=&#8221;Projekt\u00e4gare&#8221; _builder_version=&#8221;4.27.7&#8243; _module_preset=&#8221;default&#8221; custom_margin=&#8221;20px||20px||false|false&#8221; hover_enabled=&#8221;0&#8243; global_colors_info=&#8221;{}&#8221; theme_builder_area=&#8221;post_content&#8221; sticky_enabled=&#8221;0&#8243;]<\/p>\n<p><strong>Projekt\u00e4gare<br \/><\/strong>Saxn\u00e4s Idrotts och Bygdef\u00f6rening<\/p>\n<p>[\/et_pb_text][et_pb_text admin_label=&#8221;Projektledare&#8221; _builder_version=&#8221;4.27.7&#8243; _module_preset=&#8221;default&#8221; custom_margin=&#8221;20px||20px||false|false&#8221; global_colors_info=&#8221;{}&#8221; theme_builder_area=&#8221;post_content&#8221;]<\/p>\n<p><strong>Projektledare<br \/><\/strong>Eva Helleberg<br \/>eva@helleberg.se<\/p>\n<p>[\/et_pb_text][\/et_pb_column][et_pb_column type=&#8221;1_3&#8243; _builder_version=&#8221;4.19.4&#8243; _module_preset=&#8221;default&#8221; global_colors_info=&#8221;{}&#8221; theme_builder_area=&#8221;post_content&#8221;][et_pb_text admin_label=&#8221;Rubrik &#8211; Projektet i media&#8221; _builder_version=&#8221;4.20.4&#8243; _module_preset=&#8221;c04db86c-e499-4427-86fb-2307eaad8705&#8243; text_font=&#8221;Oswald|500||on|||||&#8221; text_text_color=&#8221;#004769&#8243; text_font_size=&#8221;20px&#8221; text_font_size_tablet=&#8221;14px&#8221; text_font_size_phone=&#8221;12px&#8221; text_font_size_last_edited=&#8221;on|phone&#8221; locked=&#8221;off&#8221; global_colors_info=&#8221;{}&#8221; theme_builder_area=&#8221;post_content&#8221;]<\/p>\n<p>PROJEKTET I MEDIA<\/p>\n<p>[\/et_pb_text][et_pb_text disabled_on=&#8221;on|on|on&#8221; admin_label=&#8221;Webb och sociala medier&#8221; _builder_version=&#8221;4.27.0&#8243; _module_preset=&#8221;default&#8221; custom_margin=&#8221;20px||20px||false|false&#8221; disabled=&#8221;on&#8221; global_colors_info=&#8221;{}&#8221; theme_builder_area=&#8221;post_content&#8221;]<\/p>\n<p><strong>Webb och Sociala medier<br \/><\/strong><a href=\"https:\/\/byafilm.se\/\" target=\"_blank\" rel=\"noopener\">Webbplats<\/a><\/p>\n<p>[\/et_pb_text][et_pb_divider color=&#8221;#004769&#8243; _builder_version=&#8221;4.20.4&#8243; _module_preset=&#8221;default&#8221; global_colors_info=&#8221;{}&#8221; theme_builder_area=&#8221;post_content&#8221;][\/et_pb_divider][et_pb_text admin_label=&#8221;Har du l\u00e4st eller h\u00f6rt om projektet i media&#8221; _builder_version=&#8221;4.20.4&#8243; _module_preset=&#8221;default&#8221; custom_margin=&#8221;20px||20px||false|false&#8221; global_colors_info=&#8221;{}&#8221; theme_builder_area=&#8221;post_content&#8221;]<\/p>\n<p>Har du l\u00e4st eller h\u00f6rt om projektet i media? Dela g\u00e4rna med dig av artikeln eller s\u00e4ndningen till oss via mejl: <a href=\"mailto:info@leaderlappland.se\">info@leaderlappland.se<\/a><\/p>\n<p>&nbsp;<\/p>\n<p>[\/et_pb_text][\/et_pb_column][et_pb_column type=&#8221;1_3&#8243; _builder_version=&#8221;4.19.4&#8243; _module_preset=&#8221;default&#8221; global_colors_info=&#8221;{}&#8221; theme_builder_area=&#8221;post_content&#8221;][et_pb_text admin_label=&#8221;Rubrik &#8211; Om finansiering&#8221; _builder_version=&#8221;4.20.4&#8243; _module_preset=&#8221;c04db86c-e499-4427-86fb-2307eaad8705&#8243; text_font=&#8221;Oswald|500||on|||||&#8221; text_text_color=&#8221;#004769&#8243; text_font_size=&#8221;20px&#8221; text_font_size_tablet=&#8221;14px&#8221; text_font_size_phone=&#8221;12px&#8221; text_font_size_last_edited=&#8221;on|phone&#8221; locked=&#8221;off&#8221; global_colors_info=&#8221;{}&#8221; theme_builder_area=&#8221;post_content&#8221;]<\/p>\n<p>Om finansiering<\/p>\n<p>[\/et_pb_text][et_pb_text admin_label=&#8221;Finansiering&#8221; _builder_version=&#8221;4.27.7&#8243; _module_preset=&#8221;default&#8221; custom_margin=&#8221;20px||20px||false|false&#8221; hover_enabled=&#8221;0&#8243; global_colors_info=&#8221;{}&#8221; theme_builder_area=&#8221;post_content&#8221; sticky_enabled=&#8221;0&#8243;]<\/p>\n<p><strong>Beviljat projektst\u00f6d<br \/><\/strong>769 105 kronor<\/p>\n<p><strong>Medfinansiering Leader Lappland 2030<\/strong><br \/>378 813 kronor<\/p>\n<p><strong>Total finansiering<br \/><\/strong>1 147 918 kronor<\/p>\n<p>[\/et_pb_text][et_pb_text admin_label=&#8221;Ideell tid&#8221; _builder_version=&#8221;4.27.7&#8243; _module_preset=&#8221;default&#8221; custom_margin=&#8221;20px||20px||false|false&#8221; hover_enabled=&#8221;0&#8243; global_colors_info=&#8221;{}&#8221; theme_builder_area=&#8221;post_content&#8221; sticky_enabled=&#8221;0&#8243;]<\/p>\n<p>Ut\u00f6ver ovanst\u00e5ende ber\u00e4knar projektet sig komma bidra med ideellt engagemang till ett v\u00e4rde av ca 427 040 kr.<\/p>\n<p>[\/et_pb_text][et_pb_text admin_label=&#8221;Fond&#8221; _builder_version=&#8221;4.27.7&#8243; _module_preset=&#8221;default&#8221; custom_margin=&#8221;20px||20px||false|false&#8221; global_colors_info=&#8221;{}&#8221; theme_builder_area=&#8221;post_content&#8221;]<\/p>\n<p><b>Ing\u00e5ende EU-medel har beviljats ur:<br \/><\/b>Jordbruksfonden<\/p>\n<p>[\/et_pb_text][\/et_pb_column][\/et_pb_row][\/et_pb_section][et_pb_section fb_built=&#8221;1&#8243; _builder_version=&#8221;4.20.4&#8243; _module_preset=&#8221;default&#8221; global_colors_info=&#8221;{}&#8221; theme_builder_area=&#8221;post_content&#8221;][et_pb_row column_structure=&#8221;2_5,3_5&#8243; _builder_version=&#8221;4.20.4&#8243; _module_preset=&#8221;default&#8221; global_colors_info=&#8221;{}&#8221; theme_builder_area=&#8221;post_content&#8221;][et_pb_column type=&#8221;2_5&#8243; _builder_version=&#8221;4.20.4&#8243; _module_preset=&#8221;default&#8221; global_colors_info=&#8221;{}&#8221; theme_builder_area=&#8221;post_content&#8221;][et_pb_text admin_label=&#8221;Rubrik &#8211; LAG-styrelsens beslutsmotivering&#8221; _builder_version=&#8221;4.20.4&#8243; _module_preset=&#8221;c04db86c-e499-4427-86fb-2307eaad8705&#8243; text_font=&#8221;Oswald|500||on|||||&#8221; text_text_color=&#8221;#004769&#8243; text_font_size=&#8221;20px&#8221; text_font_size_tablet=&#8221;14px&#8221; text_font_size_phone=&#8221;12px&#8221; text_font_size_last_edited=&#8221;on|phone&#8221; locked=&#8221;off&#8221; global_colors_info=&#8221;{}&#8221; theme_builder_area=&#8221;post_content&#8221;]<\/p>\n<p>LAG-styrelsens beslutsmotivering<\/p>\n<p>[\/et_pb_text][\/et_pb_column][et_pb_column type=&#8221;3_5&#8243; _builder_version=&#8221;4.20.4&#8243; _module_preset=&#8221;default&#8221; global_colors_info=&#8221;{}&#8221; theme_builder_area=&#8221;post_content&#8221;][et_pb_text admin_label=&#8221;LAG-styrelsens beslutsmotivering&#8221; _builder_version=&#8221;4.27.7&#8243; _module_preset=&#8221;default&#8221; hover_enabled=&#8221;0&#8243; global_colors_info=&#8221;{}&#8221; theme_builder_area=&#8221;post_content&#8221; sticky_enabled=&#8221;0&#8243;]<\/p>\n<p>LAG-styrelsen besl\u00f6t att prioritera ans\u00f6kan d\u00e5 projektet skapar en ny<br \/>tillg\u00e4nglig m\u00f6tesplats f\u00f6r barn, unga, familjer och bes\u00f6kare i Saxn\u00e4s genom<br \/>anl\u00e4ggande av lekplats, utflyktsomr\u00e5de och replift. Projektet bidrar till att<br \/>st\u00e4rka gemenskapen i byn, fr\u00e4mja fysisk aktivitet och folkh\u00e4lsa samt \u00f6ka<br \/>omr\u00e5dets attraktivitet som boende och bes\u00f6ksort. Genom bred samverkan<br \/>mellan f\u00f6reningsliv, bybor, skola, f\u00f6rskola och lokala akt\u00f6rer bed\u00f6ms<br \/>projektet st\u00e4rka det lokala engagemanget, skapa \u00f6kad framtidstro och bidra<br \/>till en levande och inkluderande landsbygd.<\/p>\n<p>[\/et_pb_text][\/et_pb_column][\/et_pb_row][\/et_pb_section]<\/p>\n","protected":false},"excerpt":{"rendered":"<p>In Saxn\u00e4s, two new meeting places for activity and community are being created \u2013 a playground in the middle of the village and a ski lift for skiing in winter. The initiative aims to provide especially children and young people with better opportunities for play, movement, and spontaneous meetings year-round.<\/p>","protected":false},"featured_media":574,"template":"","meta":{"_acf_changed":false,"_et_pb_use_builder":"on","_et_pb_old_content":"","_et_gb_content_width":"","_links_to":"","_links_to_target":""},"projektstatus":[13],"plats_for_genomforande":[36],"insatsomrade":[24],"projektagare":[39],"projekttyp":[21],"programperiod":[22],"class_list":["post-6377","projekt","type-projekt","status-publish","has-post-thumbnail","hentry","projektstatus-aktuellt","plats_for_genomforande-vilhelmina","insatsomrade-attraktiv-och-hallbar-boenderegion","projektagare-agare-a-2","projekttyp-typ-a","programperiod-nuvarandeperiod"],"acf":[],"yoast_head":"<!-- This site is optimized with the Yoast SEO plugin v28.2 - https:\/\/yoast.com\/product\/yoast-seo-wordpress\/ -->\n<title>Vi ses i Saxn\u00e4s! - Leader Lappland 2030<\/title>\n<meta name=\"description\" content=\"I Saxn\u00e4s skapas tv\u00e5 nya m\u00f6tesplatser som ska ge framf\u00f6r allt barn och unga b\u00e4ttre m\u00f6jligheter till lek, r\u00f6relse och spontana m\u00f6ten \u00e5ret runt.\" \/>\n<meta name=\"robots\" content=\"index, follow, max-snippet:-1, max-image-preview:large, max-video-preview:-1\" \/>\n<link rel=\"canonical\" href=\"https:\/\/lappland2030.se\/en\/projekt\/saxnas\/\" \/>\n<meta property=\"og:locale\" content=\"en_US\" \/>\n<meta property=\"og:type\" content=\"article\" \/>\n<meta property=\"og:title\" content=\"Vi ses i Saxn\u00e4s! - Leader Lappland 2030\" \/>\n<meta property=\"og:description\" content=\"I Saxn\u00e4s skapas tv\u00e5 nya m\u00f6tesplatser som ska ge framf\u00f6r allt barn och unga b\u00e4ttre m\u00f6jligheter till lek, r\u00f6relse och spontana m\u00f6ten \u00e5ret runt.\" \/>\n<meta property=\"og:url\" content=\"https:\/\/lappland2030.se\/en\/projekt\/saxnas\/\" \/>\n<meta property=\"og:site_name\" content=\"Leader Lappland 2030\" \/>\n<meta property=\"article:publisher\" content=\"https:\/\/www.facebook.com\/leaderlappland\/\" \/>\n<meta property=\"article:modified_time\" content=\"2026-09-02T13:08:55+00:00\" \/>\n<meta property=\"og:image\" content=\"https:\/\/lappland2030.se\/wp-content\/uploads\/sites\/13\/2023\/01\/Leader_Bilder_1080x108010.jpg\" \/>\n\t<meta property=\"og:image:width\" content=\"1080\" \/>\n\t<meta property=\"og:image:height\" content=\"1080\" \/>\n\t<meta property=\"og:image:type\" content=\"image\/jpeg\" \/>\n<meta name=\"twitter:card\" content=\"summary_large_image\" \/>\n<meta name=\"twitter:label1\" content=\"Est. reading time\" \/>\n\t<meta name=\"twitter:data1\" content=\"3 minutes\" \/>\n<script type=\"application\/ld+json\" class=\"yoast-schema-graph\">{\"@context\":\"https:\\\/\\\/schema.org\",\"@graph\":[{\"@type\":\"WebPage\",\"@id\":\"https:\\\/\\\/lappland2030.se\\\/projekt\\\/saxnas\\\/\",\"url\":\"https:\\\/\\\/lappland2030.se\\\/projekt\\\/saxnas\\\/\",\"name\":\"Vi ses i Saxn\u00e4s! - Leader Lappland 2030\",\"isPartOf\":{\"@id\":\"https:\\\/\\\/lappland2030.se\\\/#website\"},\"primaryImageOfPage\":{\"@id\":\"https:\\\/\\\/lappland2030.se\\\/projekt\\\/saxnas\\\/#primaryimage\"},\"image\":{\"@id\":\"https:\\\/\\\/lappland2030.se\\\/projekt\\\/saxnas\\\/#primaryimage\"},\"thumbnailUrl\":\"https:\\\/\\\/lappland2030.se\\\/wp-content\\\/uploads\\\/sites\\\/13\\\/2023\\\/01\\\/Leader_Bilder_1080x108010.jpg\",\"datePublished\":\"2026-09-02T13:08:54+00:00\",\"dateModified\":\"2026-09-02T13:08:55+00:00\",\"description\":\"I Saxn\u00e4s skapas tv\u00e5 nya m\u00f6tesplatser som ska ge framf\u00f6r allt barn och unga b\u00e4ttre m\u00f6jligheter till lek, r\u00f6relse och spontana m\u00f6ten \u00e5ret runt.\",\"breadcrumb\":{\"@id\":\"https:\\\/\\\/lappland2030.se\\\/projekt\\\/saxnas\\\/#breadcrumb\"},\"inLanguage\":\"en-US\",\"potentialAction\":[{\"@type\":\"ReadAction\",\"target\":[\"https:\\\/\\\/lappland2030.se\\\/projekt\\\/saxnas\\\/\"]}]},{\"@type\":\"ImageObject\",\"inLanguage\":\"en-US\",\"@id\":\"https:\\\/\\\/lappland2030.se\\\/projekt\\\/saxnas\\\/#primaryimage\",\"url\":\"https:\\\/\\\/lappland2030.se\\\/wp-content\\\/uploads\\\/sites\\\/13\\\/2023\\\/01\\\/Leader_Bilder_1080x108010.jpg\",\"contentUrl\":\"https:\\\/\\\/lappland2030.se\\\/wp-content\\\/uploads\\\/sites\\\/13\\\/2023\\\/01\\\/Leader_Bilder_1080x108010.jpg\",\"width\":1080,\"height\":1080},{\"@type\":\"BreadcrumbList\",\"@id\":\"https:\\\/\\\/lappland2030.se\\\/projekt\\\/saxnas\\\/#breadcrumb\",\"itemListElement\":[{\"@type\":\"ListItem\",\"position\":1,\"name\":\"Hem\",\"item\":\"https:\\\/\\\/lappland2030.se\\\/\"},{\"@type\":\"ListItem\",\"position\":2,\"name\":\"Vi ses i Saxn\u00e4s!\"}]},{\"@type\":\"WebSite\",\"@id\":\"https:\\\/\\\/lappland2030.se\\\/#website\",\"url\":\"https:\\\/\\\/lappland2030.se\\\/\",\"name\":\"Leader Lappland 2030\",\"description\":\"Tillsammans f\u00e5r vi landsbygden att leva\",\"potentialAction\":[{\"@type\":\"SearchAction\",\"target\":{\"@type\":\"EntryPoint\",\"urlTemplate\":\"https:\\\/\\\/lappland2030.se\\\/?s={search_term_string}\"},\"query-input\":{\"@type\":\"PropertyValueSpecification\",\"valueRequired\":true,\"valueName\":\"search_term_string\"}}],\"inLanguage\":\"en-US\"}]}<\/script>\n<!-- \/ Yoast SEO plugin. -->","yoast_head_json":{"title":"Vi ses i Saxn\u00e4s! - Leader Lappland 2030","description":"I Saxn\u00e4s skapas tv\u00e5 nya m\u00f6tesplatser som ska ge framf\u00f6r allt barn och unga b\u00e4ttre m\u00f6jligheter till lek, r\u00f6relse och spontana m\u00f6ten \u00e5ret runt.","robots":{"index":"index","follow":"follow","max-snippet":"max-snippet:-1","max-image-preview":"max-image-preview:large","max-video-preview":"max-video-preview:-1"},"canonical":"https:\/\/lappland2030.se\/en\/projekt\/saxnas\/","og_locale":"en_US","og_type":"article","og_title":"Vi ses i Saxn\u00e4s! - Leader Lappland 2030","og_description":"I Saxn\u00e4s skapas tv\u00e5 nya m\u00f6tesplatser som ska ge framf\u00f6r allt barn och unga b\u00e4ttre m\u00f6jligheter till lek, r\u00f6relse och spontana m\u00f6ten \u00e5ret runt.","og_url":"https:\/\/lappland2030.se\/en\/projekt\/saxnas\/","og_site_name":"Leader Lappland 2030","article_publisher":"https:\/\/www.facebook.com\/leaderlappland\/","article_modified_time":"2026-09-02T13:08:55+00:00","og_image":[{"width":1080,"height":1080,"url":"https:\/\/lappland2030.se\/wp-content\/uploads\/sites\/13\/2023\/01\/Leader_Bilder_1080x108010.jpg","type":"image\/jpeg"}],"twitter_card":"summary_large_image","twitter_misc":{"Est. reading time":"3 minutes"},"schema":{"@context":"https:\/\/schema.org","@graph":[{"@type":"WebPage","@id":"https:\/\/lappland2030.se\/projekt\/saxnas\/","url":"https:\/\/lappland2030.se\/projekt\/saxnas\/","name":"Vi ses i Saxn\u00e4s! - Leader Lappland 2030","isPartOf":{"@id":"https:\/\/lappland2030.se\/#website"},"primaryImageOfPage":{"@id":"https:\/\/lappland2030.se\/projekt\/saxnas\/#primaryimage"},"image":{"@id":"https:\/\/lappland2030.se\/projekt\/saxnas\/#primaryimage"},"thumbnailUrl":"https:\/\/lappland2030.se\/wp-content\/uploads\/sites\/13\/2023\/01\/Leader_Bilder_1080x108010.jpg","datePublished":"2026-09-02T13:08:54+00:00","dateModified":"2026-09-02T13:08:55+00:00","description":"I Saxn\u00e4s skapas tv\u00e5 nya m\u00f6tesplatser som ska ge framf\u00f6r allt barn och unga b\u00e4ttre m\u00f6jligheter till lek, r\u00f6relse och spontana m\u00f6ten \u00e5ret runt.","breadcrumb":{"@id":"https:\/\/lappland2030.se\/projekt\/saxnas\/#breadcrumb"},"inLanguage":"en-US","potentialAction":[{"@type":"ReadAction","target":["https:\/\/lappland2030.se\/projekt\/saxnas\/"]}]},{"@type":"ImageObject","inLanguage":"en-US","@id":"https:\/\/lappland2030.se\/projekt\/saxnas\/#primaryimage","url":"https:\/\/lappland2030.se\/wp-content\/uploads\/sites\/13\/2023\/01\/Leader_Bilder_1080x108010.jpg","contentUrl":"https:\/\/lappland2030.se\/wp-content\/uploads\/sites\/13\/2023\/01\/Leader_Bilder_1080x108010.jpg","width":1080,"height":1080},{"@type":"BreadcrumbList","@id":"https:\/\/lappland2030.se\/projekt\/saxnas\/#breadcrumb","itemListElement":[{"@type":"ListItem","position":1,"name":"Hem","item":"https:\/\/lappland2030.se\/"},{"@type":"ListItem","position":2,"name":"Vi ses i Saxn\u00e4s!"}]},{"@type":"WebSite","@id":"https:\/\/lappland2030.se\/#website","url":"https:\/\/lappland2030.se\/","name":"Leader Lapland 2030","description":"Together we make the countryside live","potentialAction":[{"@type":"SearchAction","target":{"@type":"EntryPoint","urlTemplate":"https:\/\/lappland2030.se\/?s={search_term_string}"},"query-input":{"@type":"PropertyValueSpecification","valueRequired":true,"valueName":"search_term_string"}}],"inLanguage":"en-US"}]}},"_links":{"self":[{"href":"https:\/\/lappland2030.se\/en\/wp-json\/wp\/v2\/projekt\/6377","targetHints":{"allow":["GET"]}}],"collection":[{"href":"https:\/\/lappland2030.se\/en\/wp-json\/wp\/v2\/projekt"}],"about":[{"href":"https:\/\/lappland2030.se\/en\/wp-json\/wp\/v2\/types\/projekt"}],"version-history":[{"count":4,"href":"https:\/\/lappland2030.se\/en\/wp-json\/wp\/v2\/projekt\/6377\/revisions"}],"predecessor-version":[{"id":6383,"href":"https:\/\/lappland2030.se\/en\/wp-json\/wp\/v2\/projekt\/6377\/revisions\/6383"}],"wp:featuredmedia":[{"embeddable":true,"href":"https:\/\/lappland2030.se\/en\/wp-json\/wp\/v2\/media\/574"}],"wp:attachment":[{"href":"https:\/\/lappland2030.se\/en\/wp-json\/wp\/v2\/media?parent=6377"}],"wp:term":[{"taxonomy":"projektstatus","embeddable":true,"href":"https:\/\/lappland2030.se\/en\/wp-json\/wp\/v2\/projektstatus?post=6377"},{"taxonomy":"plats_for_genomforande","embeddable":true,"href":"https:\/\/lappland2030.se\/en\/wp-json\/wp\/v2\/plats_for_genomforande?post=6377"},{"taxonomy":"insatsomrade","embeddable":true,"href":"https:\/\/lappland2030.se\/en\/wp-json\/wp\/v2\/insatsomrade?post=6377"},{"taxonomy":"projektagare","embeddable":true,"href":"https:\/\/lappland2030.se\/en\/wp-json\/wp\/v2\/projektagare?post=6377"},{"taxonomy":"projekttyp","embeddable":true,"href":"https:\/\/lappland2030.se\/en\/wp-json\/wp\/v2\/projekttyp?post=6377"},{"taxonomy":"programperiod","embeddable":true,"href":"https:\/\/lappland2030.se\/en\/wp-json\/wp\/v2\/programperiod?post=6377"}],"curies":[{"name":"wp","href":"https:\/\/api.w.org\/{rel}","templated":true}]}}