{"id":6408,"date":"2026-09-04T10:53:16","date_gmt":"2026-09-04T08:53:16","guid":{"rendered":"https:\/\/lappland2030.se\/?post_type=projekt&#038;p=6408"},"modified":"2026-09-04T10:53:18","modified_gmt":"2026-09-04T08:53:18","slug":"tanne-multiarena","status":"publish","type":"projekt","link":"https:\/\/lappland2030.se\/en\/projekt\/tanne-multiarena\/","title":{"rendered":"Tanne Multiarena"},"content":{"rendered":"<p>[et_pb_section fb_built=&#8221;1&#8243; _builder_version=&#8221;4.18.1&#8243; _module_preset=&#8221;default&#8221; custom_margin=&#8221;0px|0px|0px|0px|false|false&#8221; custom_padding=&#8221;0px|0px|0px|0px|false|false&#8221; locked=&#8221;off&#8221; global_colors_info=&#8221;{}&#8221; theme_builder_area=&#8221;post_content&#8221;][et_pb_row column_structure=&#8221;1_2,1_2&#8243; use_custom_gutter=&#8221;on&#8221; gutter_width=&#8221;1&#8243; make_equal=&#8221;on&#8221; _builder_version=&#8221;4.27.7&#8243; _module_preset=&#8221;default&#8221; width=&#8221;100%&#8221; max_width=&#8221;100%&#8221; custom_margin=&#8221;0px|0px|0px|0px|false|false&#8221; custom_padding=&#8221;0px|0px|0px|0px|false|false&#8221; hover_enabled=&#8221;0&#8243; global_colors_info=&#8221;{}&#8221; theme_builder_area=&#8221;post_content&#8221; sticky_enabled=&#8221;0&#8243;][et_pb_column type=&#8221;1_2&#8243; _builder_version=&#8221;4.20.4&#8243; _module_preset=&#8221;default&#8221; background_color=&#8221;#B6CCD7&#8243; background_image=&#8221;https:\/\/lappland2030.se\/wp-content\/uploads\/sites\/13\/2022\/12\/leaf.png&#8221; background_size=&#8221;custom&#8221; background_image_width=&#8221;300px&#8221; background_position=&#8221;bottom_left&#8221; background_horizontal_offset=&#8221;-100px&#8221; background_vertical_offset=&#8221;-350px&#8221; custom_padding=&#8221;120px|40px|120px|120px|false|false&#8221; custom_padding_tablet=&#8221;100px|40px|100px|80px|false|false&#8221; custom_padding_phone=&#8221;80px|40px|80px|40px|false|false&#8221; background_last_edited=&#8221;on|desktop&#8221; background_size_tablet=&#8221;custom&#8221; background_image_width_tablet=&#8221;220px&#8221; background_image_width_phone=&#8221;240px&#8221; background_position_tablet=&#8221;top_left&#8221; background_position_phone=&#8221;bottom_left&#8221; background_horizontal_offset_tablet=&#8221;-30px&#8221; background_horizontal_offset_phone=&#8221;-80px&#8221; background_vertical_offset_tablet=&#8221;220px&#8221; background_vertical_offset_phone=&#8221;-260px&#8221; global_colors_info=&#8221;{}&#8221; custom_css_main_element_last_edited=&#8221;off|desktop&#8221; theme_builder_area=&#8221;post_content&#8221;][et_pb_text admin_label=&#8221;Projektnamn&#8221; _builder_version=&#8221;4.27.7&#8243; _module_preset=&#8221;default&#8221; header_font=&#8221;Oswald|500||on|||||&#8221; header_text_color=&#8221;#004769&#8243; header_font_size=&#8221;56px&#8221; max_width_tablet=&#8221;&#8221; max_width_phone=&#8221;&#8221; max_width_last_edited=&#8221;on|desktop&#8221; header_font_size_tablet=&#8221;52px&#8221; header_font_size_phone=&#8221;48px&#8221; global_colors_info=&#8221;{}&#8221; theme_builder_area=&#8221;post_content&#8221;]<\/p>\n<h1 class=\"fusion-responsive-typography-calculated\" data-fontsize=\"45\" data-lineheight=\"52.2px\">Tanne Multiarena<\/h1>\n<p>[\/et_pb_text][et_pb_text admin_label=&#8221;Kort text om projektet&#8221; _builder_version=&#8221;4.27.7&#8243; _module_preset=&#8221;85ddcd9a-bba9-4dcd-9673-e023bb3f643a&#8221; text_text_color=&#8221;#004769&#8243; max_width=&#8221;589px&#8221; custom_padding=&#8221;|0px|0px|||&#8221; global_colors_info=&#8221;{}&#8221; theme_builder_area=&#8221;post_content&#8221;]<\/p>\n<p>Tanne H\u00e4stf\u00f6rening utvecklar en tillg\u00e4nglig och inkluderande aktivitetsyta i Tanntr\u00e4sk utanf\u00f6r Lycksele. H\u00e4r ska m\u00e4nniskor med olika intressen och f\u00f6ruts\u00e4ttningar kunna m\u00f6tas kring h\u00e4star, hundar, sm\u00e5djur, natur och aktiviteter.<\/p>\n<p>[\/et_pb_text][\/et_pb_column][et_pb_column type=&#8221;1_2&#8243; _builder_version=&#8221;4.27.7&#8243; _module_preset=&#8221;default&#8221; background_color=&#8221;#B6CCD7&#8243; background_image=&#8221;https:\/\/lappland2030.se\/wp-content\/uploads\/sites\/13\/2026\/09\/Skarmbild-2026-09-04-104228.png&#8221; background_position=&#8221;bottom_center&#8221; background_vertical_offset=&#8221;29%&#8221; custom_padding=&#8221;0px|0px|0px|0px|false|false&#8221; custom_padding_last_edited=&#8221;off|desktop&#8221; hover_enabled=&#8221;0&#8243; global_colors_info=&#8221;{}&#8221; theme_builder_area=&#8221;post_content&#8221; title_text=&#8221;Sk\u00e4rmbild 2026-09-04 104228&#8243; sticky_enabled=&#8221;0&#8243;][\/et_pb_column][\/et_pb_row][\/et_pb_section][et_pb_section fb_built=&#8221;1&#8243; custom_padding_last_edited=&#8221;on|tablet&#8221; _builder_version=&#8221;4.19.4&#8243; _module_preset=&#8221;default&#8221; custom_padding=&#8221;||0px|9px|false|false&#8221; custom_padding_tablet=&#8221;0px||0px||false|false&#8221; custom_padding_phone=&#8221;0px||0px||false|false&#8221; locked=&#8221;off&#8221; global_colors_info=&#8221;{}&#8221; theme_builder_area=&#8221;post_content&#8221;][et_pb_row column_structure=&#8221;2_5,3_5&#8243; _builder_version=&#8221;4.19.4&#8243; _module_preset=&#8221;default&#8221; global_colors_info=&#8221;{}&#8221; theme_builder_area=&#8221;post_content&#8221;][et_pb_column type=&#8221;2_5&#8243; _builder_version=&#8221;4.19.4&#8243; _module_preset=&#8221;default&#8221; global_colors_info=&#8221;{}&#8221; theme_builder_area=&#8221;post_content&#8221;][et_pb_text admin_label=&#8221;Rubrik &#8211; Syfte och M\u00e5l&#8221; _builder_version=&#8221;4.27.6&#8243; _module_preset=&#8221;default&#8221; custom_padding=&#8221;||||false|false&#8221; global_colors_info=&#8221;{}&#8221; theme_builder_area=&#8221;post_content&#8221;]<\/p>\n<h2>Syfte och m\u00e5l<\/h2>\n<p>[\/et_pb_text][et_pb_text admin_label=&#8221;Syfte och m\u00e5l ur beslut&#8221; _builder_version=&#8221;4.27.7&#8243; _module_preset=&#8221;default&#8221; hover_enabled=&#8221;0&#8243; global_colors_info=&#8221;{}&#8221; theme_builder_area=&#8221;post_content&#8221; sticky_enabled=&#8221;0&#8243;]<\/p>\n<h4><strong>Syftet med projektet \u00e4r:<\/strong><\/h4>\n<p><em>att skapa en tillg\u00e4nglig och inkluderande aktivitetsarena i Lycksele inland d\u00e4r m\u00e4nniskor oavsett \u00e5lder, bakgrund eller funktionsf\u00f6rm\u00e5ga ges m\u00f6jlighet att m\u00f6tas, delta i aktiviteter och ta del av h\u00e4lsofr\u00e4mjande och sociala aktiviteter.<\/em><\/p>\n<h4><strong>M\u00e5let med projektet \u00e4r:<\/strong><\/h4>\n<p><em>att uppf\u00f6ra en tillg\u00e4nglighetsanpassad aktivitetsyta inneh\u00e5llande aktiviteter med koppling till djur och natur, riktade till barn, unga, vuxna och personer med funktionsvariationer.<\/em><\/p>\n<p>[\/et_pb_text][\/et_pb_column][et_pb_column type=&#8221;3_5&#8243; _builder_version=&#8221;4.19.4&#8243; _module_preset=&#8221;default&#8221; custom_padding_tablet=&#8221;0px|30px|0px|30px|false|false&#8221; global_colors_info=&#8221;{}&#8221; theme_builder_area=&#8221;post_content&#8221;][et_pb_text admin_label=&#8221;Rubrik &#8211; Om projektet&#8221; _builder_version=&#8221;4.20.4&#8243; _module_preset=&#8221;default&#8221; custom_padding=&#8221;||||false|false&#8221; global_colors_info=&#8221;{}&#8221; theme_builder_area=&#8221;post_content&#8221;]<\/p>\n<h2>Om projektet<\/h2>\n<p>[\/et_pb_text][et_pb_text admin_label=&#8221;Om projektet&#8221; _builder_version=&#8221;4.27.7&#8243; _module_preset=&#8221;default&#8221; hover_enabled=&#8221;0&#8243; global_colors_info=&#8221;{}&#8221; theme_builder_area=&#8221;post_content&#8221; sticky_enabled=&#8221;0&#8243;]<\/p>\n<p class=\"isSelectedEnd\"><span>Tanne H\u00e4stf\u00f6rening vill utveckla sin anl\u00e4ggning i Tanntr\u00e4sk till en bredare m\u00f6tesplats d\u00e4r djur, natur, r\u00f6relse och gemenskap st\u00e5r i centrum.<\/span><\/p>\n<p class=\"isSelectedEnd\"><span>Genom projektet skapas en ny utomhusmilj\u00f6 som kan anv\u00e4ndas av fler \u00e4n de som traditionellt deltar i f\u00f6reningens h\u00e4stverksamhet. En h\u00e5rdgjord tillg\u00e4nglighetsslinga och en fast ramp ska g\u00f6ra omr\u00e5det mer tillg\u00e4ngligt f\u00f6r personer med olika fysiska f\u00f6ruts\u00e4ttningar.<\/span><\/p>\n<p class=\"isSelectedEnd\"><span>En multifunktionell aktivitetsyta anl\u00e4ggs f\u00f6r bland annat hundtr\u00e4ning, agility, kaninhoppning och k\u00e4pph\u00e4staktiviteter. Det skapas ocks\u00e5 en klappahage d\u00e4r m\u00f6tet med djur kan bidra till b\u00e5de gemenskap och v\u00e4lm\u00e5ende. Insatser f\u00f6r biologisk m\u00e5ngfald, med bland annat insektshotell och blomsterytor f\u00f6r humlor och bin, blir en del av milj\u00f6n.<\/span><\/p>\n<p class=\"isSelectedEnd\"><span>Tanken \u00e4r att flera f\u00f6reningar och verksamheter ska kunna anv\u00e4nda omr\u00e5det. Genom samarbete och ett digitalt bokningssystem vill f\u00f6reningen skapa en gemensam resurs som kan nyttjas f\u00f6r olika aktiviteter och av olika m\u00e5lgrupper.<\/span><\/p>\n<p class=\"isSelectedEnd\"><span>Barn och unga, personer med funktionsneds\u00e4ttning, f\u00f6reningsaktiva, seniorer och andra som s\u00f6ker social gemenskap och aktiviteter i en naturn\u00e4ra milj\u00f6 \u00e4r n\u00e5gra av de grupper som projektet vill n\u00e5.<\/span><\/p>\n<p><span>Med Tanne Multiarena vill f\u00f6reningen skapa en tillg\u00e4nglig m\u00f6tesplats d\u00e4r olika generationer och intressen kan m\u00f6tas \u2013 med djuren och naturen som gemensam n\u00e4mnare.<\/span><\/p>\n<p>[\/et_pb_text][\/et_pb_column][\/et_pb_row][\/et_pb_section][et_pb_section fb_built=&#8221;1&#8243; custom_padding_last_edited=&#8221;on|tablet&#8221; _builder_version=&#8221;4.19.4&#8243; _module_preset=&#8221;default&#8221; custom_padding=&#8221;||0px||false|false&#8221; custom_padding_tablet=&#8221;0px||0px||false|false&#8221; custom_padding_phone=&#8221;0px||0px||false|false&#8221; locked=&#8221;off&#8221; global_colors_info=&#8221;{}&#8221; theme_builder_area=&#8221;post_content&#8221;][et_pb_row column_structure=&#8221;1_2,1_2&#8243; _builder_version=&#8221;4.19.4&#8243; _module_preset=&#8221;f5fa9002-e1ac-46a1-bbe6-abcf9e7f7c4e&#8221; background_color=&#8221;#0C4160&#8243; custom_css_main_element=&#8221;display: flex;&#8221; locked=&#8221;off&#8221; global_colors_info=&#8221;{}&#8221; custom_css_main_element_tablet=&#8221;display: block&#8221; theme_builder_area=&#8221;post_content&#8221;][et_pb_column type=&#8221;1_2&#8243; _builder_version=&#8221;4.18.1&#8243; _module_preset=&#8221;46324cd7-25ce-45c8-b351-a4d0778ffc36&#8243; custom_padding=&#8221;0px|0px|0px|0px|false|false&#8221; custom_padding_tablet=&#8221;0px|0px|0px|0px|false|false&#8221; custom_padding_phone=&#8221;0px|0px|30px|0px|false|false&#8221; custom_padding_last_edited=&#8221;on|phone&#8221; global_colors_info=&#8221;{}&#8221; theme_builder_area=&#8221;post_content&#8221;][et_pb_image src=&#8221;https:\/\/lappland2030.se\/wp-content\/uploads\/sites\/13\/2023\/01\/uransokan.png&#8221; title_text=&#8221;urans\u00f6kan&#8221; _builder_version=&#8221;4.19.5&#8243; _module_preset=&#8221;default&#8221; global_colors_info=&#8221;{}&#8221; theme_builder_area=&#8221;post_content&#8221;][\/et_pb_image][\/et_pb_column][et_pb_column type=&#8221;1_2&#8243; _builder_version=&#8221;4.19.4&#8243; _module_preset=&#8221;46324cd7-25ce-45c8-b351-a4d0778ffc36&#8243; custom_padding=&#8221;40px|40px||40px|false|false&#8221; custom_padding_tablet=&#8221;30px|30px||30px|false|false&#8221; custom_padding_phone=&#8221;0px|0px||0px|false|false&#8221; custom_padding_last_edited=&#8221;on|phone&#8221; custom_css_main_element=&#8221;display: flex;||flex-direction: column;||justify-content: center;&#8221; global_colors_info=&#8221;{}&#8221; custom_css_main_element_tablet=&#8221;display: block;&#8221; custom_css_main_element_phone=&#8221;display: block;&#8221; theme_builder_area=&#8221;post_content&#8221;][et_pb_text admin_label=&#8221;Rubrik &#8211; Ur projektans\u00f6kan&#8221; _builder_version=&#8221;4.20.4&#8243; _module_preset=&#8221;85ddcd9a-bba9-4dcd-9673-e023bb3f643a&#8221; text_font=&#8221;Oswald|500||on|||||&#8221; text_font_size_tablet=&#8221;14px&#8221; text_font_size_phone=&#8221;12px&#8221; text_font_size_last_edited=&#8221;on|phone&#8221; global_colors_info=&#8221;{}&#8221; theme_builder_area=&#8221;post_content&#8221;]<\/p>\n<p>Ur Projektans\u00f6kan<\/p>\n<p>[\/et_pb_text][et_pb_text admin_label=&#8221;Text ur ans\u00f6kan&#8221; _builder_version=&#8221;4.27.7&#8243; _module_preset=&#8221;85ddcd9a-bba9-4dcd-9673-e023bb3f643a&#8221; hover_enabled=&#8221;0&#8243; global_colors_info=&#8221;{}&#8221; theme_builder_area=&#8221;post_content&#8221; sticky_enabled=&#8221;0&#8243;]<\/p>\n<h3>\u201dVi etablerar en unik, tillg\u00e4nglighetsanpassad utomhusmilj\u00f6 i Tanntr\u00e4sk som bryter barri\u00e4rer mellan m\u00e4nniska och djur. Genom en innovativ aktivitetsyta med en h\u00e5rdgjord tillg\u00e4nglighetsslinga, milj\u00f6tr\u00e4ningsbana, agilityplan och klappahage skapar vi en inkluderande m\u00f6tesplats f\u00f6r h\u00e4st-, hund- och sm\u00e5djursintresserade&#8221;<\/h3>\n<p>[\/et_pb_text][\/et_pb_column][\/et_pb_row][\/et_pb_section][et_pb_section fb_built=&#8221;1&#8243; custom_padding_last_edited=&#8221;on|tablet&#8221; disabled_on=&#8221;on|on|on&#8221; _builder_version=&#8221;4.27.0&#8243; _module_preset=&#8221;default&#8221; custom_padding=&#8221;||||false|false&#8221; custom_padding_tablet=&#8221;0px||||false|false&#8221; custom_padding_phone=&#8221;0px||||false|false&#8221; disabled=&#8221;on&#8221; locked=&#8221;off&#8221; global_colors_info=&#8221;{}&#8221; theme_builder_area=&#8221;post_content&#8221;][et_pb_row disabled_on=&#8221;off|off|off&#8221; _builder_version=&#8221;4.25.1&#8243; _module_preset=&#8221;default&#8221; global_colors_info=&#8221;{}&#8221; theme_builder_area=&#8221;post_content&#8221;][et_pb_column type=&#8221;4_4&#8243; _builder_version=&#8221;4.20.4&#8243; _module_preset=&#8221;default&#8221; global_colors_info=&#8221;{}&#8221; theme_builder_area=&#8221;post_content&#8221;][et_pb_gallery gallery_ids=&#8221;4368,4369,4370,4371,4372,4373,4374,4375,4376,4377&#8243; gallery_orderby=&#8221;rand&#8221; _builder_version=&#8221;4.25.1&#8243; _module_preset=&#8221;default&#8221; box_shadow_style_image=&#8221;preset1&#8243; global_colors_info=&#8221;{}&#8221; theme_builder_area=&#8221;post_content&#8221;][\/et_pb_gallery][\/et_pb_column][\/et_pb_row][\/et_pb_section][et_pb_section fb_built=&#8221;1&#8243; custom_padding_last_edited=&#8221;on|tablet&#8221; admin_label=&#8221;Projektdetaljer&#8221; _builder_version=&#8221;4.20.4&#8243; _module_preset=&#8221;default&#8221; background_color=&#8221;#B6CCD7&#8243; custom_padding=&#8221;0px||0px||false|false&#8221; custom_padding_tablet=&#8221;0px||0px||false|false&#8221; custom_padding_phone=&#8221;0px||0px||false|false&#8221; locked=&#8221;off&#8221; global_colors_info=&#8221;{}&#8221; theme_builder_area=&#8221;post_content&#8221;][et_pb_row column_structure=&#8221;1_3,1_3,1_3&#8243; admin_label=&#8221;Projektdetaljer&#8221; _builder_version=&#8221;4.20.4&#8243; _module_preset=&#8221;default&#8221; global_colors_info=&#8221;{}&#8221; theme_builder_area=&#8221;post_content&#8221;][et_pb_column type=&#8221;1_3&#8243; _builder_version=&#8221;4.19.4&#8243; _module_preset=&#8221;default&#8221; global_colors_info=&#8221;{}&#8221; theme_builder_area=&#8221;post_content&#8221;][et_pb_text admin_label=&#8221;Rubrik &#8211; Om projektet&#8221; _builder_version=&#8221;4.20.4&#8243; _module_preset=&#8221;c04db86c-e499-4427-86fb-2307eaad8705&#8243; text_font=&#8221;Oswald|500||on|||||&#8221; text_text_color=&#8221;#004769&#8243; text_font_size=&#8221;20px&#8221; text_font_size_tablet=&#8221;14px&#8221; text_font_size_phone=&#8221;12px&#8221; text_font_size_last_edited=&#8221;on|phone&#8221; locked=&#8221;off&#8221; global_colors_info=&#8221;{}&#8221; theme_builder_area=&#8221;post_content&#8221;]<\/p>\n<p>Om projektet<\/p>\n<p>[\/et_pb_text][et_pb_text admin_label=&#8221;Projektperiod&#8221; _builder_version=&#8221;4.27.7&#8243; _module_preset=&#8221;default&#8221; custom_margin=&#8221;20px||20px||false|false&#8221; hover_enabled=&#8221;0&#8243; global_colors_info=&#8221;{}&#8221; theme_builder_area=&#8221;post_content&#8221; sticky_enabled=&#8221;0&#8243;]<\/p>\n<p><strong>Projektperiod<br \/><\/strong>2026-08-13 &#8211; P\u00e5g\u00e5ende<\/p>\n<p>[\/et_pb_text][et_pb_text admin_label=&#8221;Projekt\u00e4gare&#8221; _builder_version=&#8221;4.27.7&#8243; _module_preset=&#8221;default&#8221; custom_margin=&#8221;20px||20px||false|false&#8221; hover_enabled=&#8221;0&#8243; global_colors_info=&#8221;{}&#8221; theme_builder_area=&#8221;post_content&#8221; sticky_enabled=&#8221;0&#8243;]<\/p>\n<p><strong>Projekt\u00e4gare<br \/><\/strong>Tanne H\u00e4stf\u00f6rening<\/p>\n<p>[\/et_pb_text][et_pb_text admin_label=&#8221;Projektledare&#8221; _builder_version=&#8221;4.27.7&#8243; _module_preset=&#8221;default&#8221; custom_margin=&#8221;20px||20px||false|false&#8221; hover_enabled=&#8221;0&#8243; global_colors_info=&#8221;{}&#8221; theme_builder_area=&#8221;post_content&#8221; sticky_enabled=&#8221;0&#8243;]<\/p>\n<p><strong>Projektledare<br \/><\/strong>Ewa Zemren<br \/>tannehastforening@hotmail.com<\/p>\n<p>[\/et_pb_text][\/et_pb_column][et_pb_column type=&#8221;1_3&#8243; _builder_version=&#8221;4.19.4&#8243; _module_preset=&#8221;default&#8221; global_colors_info=&#8221;{}&#8221; theme_builder_area=&#8221;post_content&#8221;][et_pb_text admin_label=&#8221;Rubrik &#8211; Projektet i media&#8221; _builder_version=&#8221;4.20.4&#8243; _module_preset=&#8221;c04db86c-e499-4427-86fb-2307eaad8705&#8243; text_font=&#8221;Oswald|500||on|||||&#8221; text_text_color=&#8221;#004769&#8243; text_font_size=&#8221;20px&#8221; text_font_size_tablet=&#8221;14px&#8221; text_font_size_phone=&#8221;12px&#8221; text_font_size_last_edited=&#8221;on|phone&#8221; locked=&#8221;off&#8221; global_colors_info=&#8221;{}&#8221; theme_builder_area=&#8221;post_content&#8221;]<\/p>\n<p>PROJEKTET I MEDIA<\/p>\n<p>[\/et_pb_text][et_pb_text disabled_on=&#8221;on|on|on&#8221; admin_label=&#8221;Webb och sociala medier&#8221; _builder_version=&#8221;4.27.0&#8243; _module_preset=&#8221;default&#8221; custom_margin=&#8221;20px||20px||false|false&#8221; disabled=&#8221;on&#8221; global_colors_info=&#8221;{}&#8221; theme_builder_area=&#8221;post_content&#8221;]<\/p>\n<p><strong>Webb och Sociala medier<br \/><\/strong><a href=\"https:\/\/byafilm.se\/\" target=\"_blank\" rel=\"noopener\">Webbplats<\/a><\/p>\n<p>[\/et_pb_text][et_pb_divider color=&#8221;#004769&#8243; _builder_version=&#8221;4.20.4&#8243; _module_preset=&#8221;default&#8221; global_colors_info=&#8221;{}&#8221; theme_builder_area=&#8221;post_content&#8221;][\/et_pb_divider][et_pb_text admin_label=&#8221;Har du l\u00e4st eller h\u00f6rt om projektet i media&#8221; _builder_version=&#8221;4.20.4&#8243; _module_preset=&#8221;default&#8221; custom_margin=&#8221;20px||20px||false|false&#8221; global_colors_info=&#8221;{}&#8221; theme_builder_area=&#8221;post_content&#8221;]<\/p>\n<p>Har du l\u00e4st eller h\u00f6rt om projektet i media? Dela g\u00e4rna med dig av artikeln eller s\u00e4ndningen till oss via mejl: <a href=\"mailto:info@leaderlappland.se\">info@leaderlappland.se<\/a><\/p>\n<p>&nbsp;<\/p>\n<p>[\/et_pb_text][\/et_pb_column][et_pb_column type=&#8221;1_3&#8243; _builder_version=&#8221;4.19.4&#8243; _module_preset=&#8221;default&#8221; global_colors_info=&#8221;{}&#8221; theme_builder_area=&#8221;post_content&#8221;][et_pb_text admin_label=&#8221;Rubrik &#8211; Om finansiering&#8221; _builder_version=&#8221;4.20.4&#8243; _module_preset=&#8221;c04db86c-e499-4427-86fb-2307eaad8705&#8243; text_font=&#8221;Oswald|500||on|||||&#8221; text_text_color=&#8221;#004769&#8243; text_font_size=&#8221;20px&#8221; text_font_size_tablet=&#8221;14px&#8221; text_font_size_phone=&#8221;12px&#8221; text_font_size_last_edited=&#8221;on|phone&#8221; locked=&#8221;off&#8221; global_colors_info=&#8221;{}&#8221; theme_builder_area=&#8221;post_content&#8221;]<\/p>\n<p>Om finansiering<\/p>\n<p>[\/et_pb_text][et_pb_text admin_label=&#8221;Finansiering&#8221; _builder_version=&#8221;4.27.7&#8243; _module_preset=&#8221;default&#8221; custom_margin=&#8221;20px||20px||false|false&#8221; hover_enabled=&#8221;0&#8243; global_colors_info=&#8221;{}&#8221; theme_builder_area=&#8221;post_content&#8221; sticky_enabled=&#8221;0&#8243;]<\/p>\n<p><strong>Beviljat projektst\u00f6d<br \/><\/strong>435 683 kronor<\/p>\n<p><strong>Medfinansiering Leader Lappland 2030<\/strong><br \/>214 590 kronor<\/p>\n<p><strong>Total finansiering<br \/><\/strong>650 273 kronor<\/p>\n<p>[\/et_pb_text][et_pb_text admin_label=&#8221;Ideell tid&#8221; _builder_version=&#8221;4.27.7&#8243; _module_preset=&#8221;default&#8221; custom_margin=&#8221;20px||20px||false|false&#8221; hover_enabled=&#8221;0&#8243; global_colors_info=&#8221;{}&#8221; theme_builder_area=&#8221;post_content&#8221; sticky_enabled=&#8221;0&#8243;]<\/p>\n<p>Ut\u00f6ver ovanst\u00e5ende ber\u00e4knar projektet sig komma bidra med ideellt engagemang till ett v\u00e4rde av ca 130 000 kr.<\/p>\n<p>[\/et_pb_text][et_pb_text admin_label=&#8221;Fond&#8221; _builder_version=&#8221;4.27.7&#8243; _module_preset=&#8221;default&#8221; custom_margin=&#8221;20px||20px||false|false&#8221; global_colors_info=&#8221;{}&#8221; theme_builder_area=&#8221;post_content&#8221;]<\/p>\n<p><b>Ing\u00e5ende EU-medel har beviljats ur:<br \/><\/b>Jordbruksfonden<\/p>\n<p>[\/et_pb_text][\/et_pb_column][\/et_pb_row][\/et_pb_section][et_pb_section fb_built=&#8221;1&#8243; _builder_version=&#8221;4.20.4&#8243; _module_preset=&#8221;default&#8221; global_colors_info=&#8221;{}&#8221; theme_builder_area=&#8221;post_content&#8221;][et_pb_row column_structure=&#8221;2_5,3_5&#8243; _builder_version=&#8221;4.20.4&#8243; _module_preset=&#8221;default&#8221; global_colors_info=&#8221;{}&#8221; theme_builder_area=&#8221;post_content&#8221;][et_pb_column type=&#8221;2_5&#8243; _builder_version=&#8221;4.20.4&#8243; _module_preset=&#8221;default&#8221; global_colors_info=&#8221;{}&#8221; theme_builder_area=&#8221;post_content&#8221;][et_pb_text admin_label=&#8221;Rubrik &#8211; LAG-styrelsens beslutsmotivering&#8221; _builder_version=&#8221;4.20.4&#8243; _module_preset=&#8221;c04db86c-e499-4427-86fb-2307eaad8705&#8243; text_font=&#8221;Oswald|500||on|||||&#8221; text_text_color=&#8221;#004769&#8243; text_font_size=&#8221;20px&#8221; text_font_size_tablet=&#8221;14px&#8221; text_font_size_phone=&#8221;12px&#8221; text_font_size_last_edited=&#8221;on|phone&#8221; locked=&#8221;off&#8221; global_colors_info=&#8221;{}&#8221; theme_builder_area=&#8221;post_content&#8221;]<\/p>\n<p>LAG-styrelsens beslutsmotivering<\/p>\n<p>[\/et_pb_text][\/et_pb_column][et_pb_column type=&#8221;3_5&#8243; _builder_version=&#8221;4.20.4&#8243; _module_preset=&#8221;default&#8221; global_colors_info=&#8221;{}&#8221; theme_builder_area=&#8221;post_content&#8221;][et_pb_text admin_label=&#8221;LAG-styrelsens beslutsmotivering&#8221; _builder_version=&#8221;4.27.7&#8243; _module_preset=&#8221;default&#8221; hover_enabled=&#8221;0&#8243; global_colors_info=&#8221;{}&#8221; theme_builder_area=&#8221;post_content&#8221; sticky_enabled=&#8221;0&#8243;]<\/p>\n<p>LAG-styrelsen besl\u00f6t att prioritera ans\u00f6kan d\u00e5 projektet skapar nya<br \/>m\u00f6jligheter f\u00f6r social inkludering, gr\u00f6n h\u00e4lsa och generations\u00f6verskridande<br \/>m\u00f6ten. Projektet bidrar till att utveckla en inkluderande m\u00f6tesplats f\u00f6r barn,<br \/>unga, seniorer och personer med funktionsvariationer samt st\u00e4rka samverkan<br \/>mellan f\u00f6reningsliv, civilsamh\u00e4lle och lokala akt\u00f6rer. Genom satsningen<br \/>skapas \u00e4ven f\u00f6ruts\u00e4ttningar f\u00f6r \u00f6kad attraktionskraft och l\u00e5ngsiktigt h\u00e5llbar<br \/>landsbygdsutveckling i Lyckseleomr\u00e5det.<\/p>\n<p>[\/et_pb_text][\/et_pb_column][\/et_pb_row][\/et_pb_section]<\/p>\n","protected":false},"excerpt":{"rendered":"<p>Tanne H\u00e4stf\u00f6rening utvecklar en tillg\u00e4nglig och inkluderande aktivitetsyta i Tanntr\u00e4sk utanf\u00f6r Lycksele. H\u00e4r ska m\u00e4nniskor med olika intressen och f\u00f6ruts\u00e4ttningar kunna m\u00f6tas kring h\u00e4star, hundar, sm\u00e5djur, natur och aktiviteter.<\/p>","protected":false},"featured_media":6409,"template":"","meta":{"_acf_changed":false,"_et_pb_use_builder":"on","_et_pb_old_content":"","_et_gb_content_width":"","_links_to":"","_links_to_target":""},"projektstatus":[13],"plats_for_genomforande":[33],"insatsomrade":[24],"projektagare":[39],"projekttyp":[21],"programperiod":[22],"microprojekt":[],"class_list":["post-6408","projekt","type-projekt","status-publish","has-post-thumbnail","hentry","projektstatus-aktuellt","plats_for_genomforande-lycksele","insatsomrade-attraktiv-och-hallbar-boenderegion","projektagare-agare-a-2","projekttyp-typ-a","programperiod-nuvarandeperiod"],"acf":[],"yoast_head":"<!-- This site is optimized with the Yoast SEO plugin v28.2 - https:\/\/yoast.com\/product\/yoast-seo-wordpress\/ -->\n<title>Tanne Multiarena - Leader Lappland 2030<\/title>\n<meta name=\"description\" content=\"Tanne H\u00e4stf\u00f6rening utvecklar en aktivitetsyta d\u00e4r m\u00e4nniskor med olika intressen och f\u00f6ruts\u00e4ttningar kunna m\u00f6tas kring djur och natur.\" \/>\n<meta name=\"robots\" content=\"index, follow, max-snippet:-1, max-image-preview:large, max-video-preview:-1\" \/>\n<link rel=\"canonical\" href=\"https:\/\/lappland2030.se\/en\/projekt\/tanne-multiarena\/\" \/>\n<meta property=\"og:locale\" content=\"en_US\" \/>\n<meta property=\"og:type\" content=\"article\" \/>\n<meta property=\"og:title\" content=\"Tanne Multiarena - Leader Lappland 2030\" \/>\n<meta property=\"og:description\" content=\"Tanne H\u00e4stf\u00f6rening utvecklar en aktivitetsyta d\u00e4r m\u00e4nniskor med olika intressen och f\u00f6ruts\u00e4ttningar kunna m\u00f6tas kring djur och natur.\" \/>\n<meta property=\"og:url\" content=\"https:\/\/lappland2030.se\/en\/projekt\/tanne-multiarena\/\" \/>\n<meta property=\"og:site_name\" content=\"Leader Lappland 2030\" \/>\n<meta property=\"article:publisher\" content=\"https:\/\/www.facebook.com\/leaderlappland\/\" \/>\n<meta property=\"article:modified_time\" content=\"2026-09-04T08:53:18+00:00\" \/>\n<meta property=\"og:image\" content=\"https:\/\/lappland2030.se\/wp-content\/uploads\/sites\/13\/2026\/09\/Skarmbild-2026-09-04-104228-1024x639.png\" \/>\n\t<meta property=\"og:image:width\" content=\"1024\" \/>\n\t<meta property=\"og:image:height\" content=\"639\" \/>\n\t<meta property=\"og:image:type\" content=\"image\/png\" \/>\n<meta name=\"twitter:card\" content=\"summary_large_image\" \/>\n<meta name=\"twitter:label1\" content=\"Est. reading time\" \/>\n\t<meta name=\"twitter:data1\" content=\"3 minutes\" \/>\n<script type=\"application\/ld+json\" class=\"yoast-schema-graph\">{\"@context\":\"https:\\\/\\\/schema.org\",\"@graph\":[{\"@type\":\"WebPage\",\"@id\":\"https:\\\/\\\/lappland2030.se\\\/projekt\\\/tanne-multiarena\\\/\",\"url\":\"https:\\\/\\\/lappland2030.se\\\/projekt\\\/tanne-multiarena\\\/\",\"name\":\"Tanne Multiarena - Leader Lappland 2030\",\"isPartOf\":{\"@id\":\"https:\\\/\\\/lappland2030.se\\\/#website\"},\"primaryImageOfPage\":{\"@id\":\"https:\\\/\\\/lappland2030.se\\\/projekt\\\/tanne-multiarena\\\/#primaryimage\"},\"image\":{\"@id\":\"https:\\\/\\\/lappland2030.se\\\/projekt\\\/tanne-multiarena\\\/#primaryimage\"},\"thumbnailUrl\":\"https:\\\/\\\/lappland2030.se\\\/wp-content\\\/uploads\\\/sites\\\/13\\\/2026\\\/09\\\/Skarmbild-2026-09-04-104228.png\",\"datePublished\":\"2026-09-04T08:53:16+00:00\",\"dateModified\":\"2026-09-04T08:53:18+00:00\",\"description\":\"Tanne H\u00e4stf\u00f6rening utvecklar en aktivitetsyta d\u00e4r m\u00e4nniskor med olika intressen och f\u00f6ruts\u00e4ttningar kunna m\u00f6tas kring djur och natur.\",\"breadcrumb\":{\"@id\":\"https:\\\/\\\/lappland2030.se\\\/projekt\\\/tanne-multiarena\\\/#breadcrumb\"},\"inLanguage\":\"en-US\",\"potentialAction\":[{\"@type\":\"ReadAction\",\"target\":[\"https:\\\/\\\/lappland2030.se\\\/projekt\\\/tanne-multiarena\\\/\"]}]},{\"@type\":\"ImageObject\",\"inLanguage\":\"en-US\",\"@id\":\"https:\\\/\\\/lappland2030.se\\\/projekt\\\/tanne-multiarena\\\/#primaryimage\",\"url\":\"https:\\\/\\\/lappland2030.se\\\/wp-content\\\/uploads\\\/sites\\\/13\\\/2026\\\/09\\\/Skarmbild-2026-09-04-104228.png\",\"contentUrl\":\"https:\\\/\\\/lappland2030.se\\\/wp-content\\\/uploads\\\/sites\\\/13\\\/2026\\\/09\\\/Skarmbild-2026-09-04-104228.png\",\"width\":1355,\"height\":846},{\"@type\":\"BreadcrumbList\",\"@id\":\"https:\\\/\\\/lappland2030.se\\\/projekt\\\/tanne-multiarena\\\/#breadcrumb\",\"itemListElement\":[{\"@type\":\"ListItem\",\"position\":1,\"name\":\"Hem\",\"item\":\"https:\\\/\\\/lappland2030.se\\\/\"},{\"@type\":\"ListItem\",\"position\":2,\"name\":\"Tanne Multiarena\"}]},{\"@type\":\"WebSite\",\"@id\":\"https:\\\/\\\/lappland2030.se\\\/#website\",\"url\":\"https:\\\/\\\/lappland2030.se\\\/\",\"name\":\"Leader Lappland 2030\",\"description\":\"Tillsammans f\u00e5r vi landsbygden att leva\",\"potentialAction\":[{\"@type\":\"SearchAction\",\"target\":{\"@type\":\"EntryPoint\",\"urlTemplate\":\"https:\\\/\\\/lappland2030.se\\\/?s={search_term_string}\"},\"query-input\":{\"@type\":\"PropertyValueSpecification\",\"valueRequired\":true,\"valueName\":\"search_term_string\"}}],\"inLanguage\":\"en-US\"}]}<\/script>\n<!-- \/ Yoast SEO plugin. -->","yoast_head_json":{"title":"Tanne Multiarena - Leader Lappland 2030","description":"Tanne H\u00e4stf\u00f6rening utvecklar en aktivitetsyta d\u00e4r m\u00e4nniskor med olika intressen och f\u00f6ruts\u00e4ttningar kunna m\u00f6tas kring djur och natur.","robots":{"index":"index","follow":"follow","max-snippet":"max-snippet:-1","max-image-preview":"max-image-preview:large","max-video-preview":"max-video-preview:-1"},"canonical":"https:\/\/lappland2030.se\/en\/projekt\/tanne-multiarena\/","og_locale":"en_US","og_type":"article","og_title":"Tanne Multiarena - Leader Lappland 2030","og_description":"Tanne H\u00e4stf\u00f6rening utvecklar en aktivitetsyta d\u00e4r m\u00e4nniskor med olika intressen och f\u00f6ruts\u00e4ttningar kunna m\u00f6tas kring djur och natur.","og_url":"https:\/\/lappland2030.se\/en\/projekt\/tanne-multiarena\/","og_site_name":"Leader Lappland 2030","article_publisher":"https:\/\/www.facebook.com\/leaderlappland\/","article_modified_time":"2026-09-04T08:53:18+00:00","og_image":[{"width":1024,"height":639,"url":"https:\/\/lappland2030.se\/wp-content\/uploads\/sites\/13\/2026\/09\/Skarmbild-2026-09-04-104228-1024x639.png","type":"image\/png"}],"twitter_card":"summary_large_image","twitter_misc":{"Est. reading time":"3 minutes"},"schema":{"@context":"https:\/\/schema.org","@graph":[{"@type":"WebPage","@id":"https:\/\/lappland2030.se\/projekt\/tanne-multiarena\/","url":"https:\/\/lappland2030.se\/projekt\/tanne-multiarena\/","name":"Tanne Multiarena - Leader Lappland 2030","isPartOf":{"@id":"https:\/\/lappland2030.se\/#website"},"primaryImageOfPage":{"@id":"https:\/\/lappland2030.se\/projekt\/tanne-multiarena\/#primaryimage"},"image":{"@id":"https:\/\/lappland2030.se\/projekt\/tanne-multiarena\/#primaryimage"},"thumbnailUrl":"https:\/\/lappland2030.se\/wp-content\/uploads\/sites\/13\/2026\/09\/Skarmbild-2026-09-04-104228.png","datePublished":"2026-09-04T08:53:16+00:00","dateModified":"2026-09-04T08:53:18+00:00","description":"Tanne H\u00e4stf\u00f6rening utvecklar en aktivitetsyta d\u00e4r m\u00e4nniskor med olika intressen och f\u00f6ruts\u00e4ttningar kunna m\u00f6tas kring djur och natur.","breadcrumb":{"@id":"https:\/\/lappland2030.se\/projekt\/tanne-multiarena\/#breadcrumb"},"inLanguage":"en-US","potentialAction":[{"@type":"ReadAction","target":["https:\/\/lappland2030.se\/projekt\/tanne-multiarena\/"]}]},{"@type":"ImageObject","inLanguage":"en-US","@id":"https:\/\/lappland2030.se\/projekt\/tanne-multiarena\/#primaryimage","url":"https:\/\/lappland2030.se\/wp-content\/uploads\/sites\/13\/2026\/09\/Skarmbild-2026-09-04-104228.png","contentUrl":"https:\/\/lappland2030.se\/wp-content\/uploads\/sites\/13\/2026\/09\/Skarmbild-2026-09-04-104228.png","width":1355,"height":846},{"@type":"BreadcrumbList","@id":"https:\/\/lappland2030.se\/projekt\/tanne-multiarena\/#breadcrumb","itemListElement":[{"@type":"ListItem","position":1,"name":"Hem","item":"https:\/\/lappland2030.se\/"},{"@type":"ListItem","position":2,"name":"Tanne Multiarena"}]},{"@type":"WebSite","@id":"https:\/\/lappland2030.se\/#website","url":"https:\/\/lappland2030.se\/","name":"Leader Lapland 2030","description":"Together we make the countryside live","potentialAction":[{"@type":"SearchAction","target":{"@type":"EntryPoint","urlTemplate":"https:\/\/lappland2030.se\/?s={search_term_string}"},"query-input":{"@type":"PropertyValueSpecification","valueRequired":true,"valueName":"search_term_string"}}],"inLanguage":"en-US"}]}},"_links":{"self":[{"href":"https:\/\/lappland2030.se\/en\/wp-json\/wp\/v2\/projekt\/6408","targetHints":{"allow":["GET"]}}],"collection":[{"href":"https:\/\/lappland2030.se\/en\/wp-json\/wp\/v2\/projekt"}],"about":[{"href":"https:\/\/lappland2030.se\/en\/wp-json\/wp\/v2\/types\/projekt"}],"version-history":[{"count":4,"href":"https:\/\/lappland2030.se\/en\/wp-json\/wp\/v2\/projekt\/6408\/revisions"}],"predecessor-version":[{"id":6415,"href":"https:\/\/lappland2030.se\/en\/wp-json\/wp\/v2\/projekt\/6408\/revisions\/6415"}],"wp:featuredmedia":[{"embeddable":true,"href":"https:\/\/lappland2030.se\/en\/wp-json\/wp\/v2\/media\/6409"}],"wp:attachment":[{"href":"https:\/\/lappland2030.se\/en\/wp-json\/wp\/v2\/media?parent=6408"}],"wp:term":[{"taxonomy":"projektstatus","embeddable":true,"href":"https:\/\/lappland2030.se\/en\/wp-json\/wp\/v2\/projektstatus?post=6408"},{"taxonomy":"plats_for_genomforande","embeddable":true,"href":"https:\/\/lappland2030.se\/en\/wp-json\/wp\/v2\/plats_for_genomforande?post=6408"},{"taxonomy":"insatsomrade","embeddable":true,"href":"https:\/\/lappland2030.se\/en\/wp-json\/wp\/v2\/insatsomrade?post=6408"},{"taxonomy":"projektagare","embeddable":true,"href":"https:\/\/lappland2030.se\/en\/wp-json\/wp\/v2\/projektagare?post=6408"},{"taxonomy":"projekttyp","embeddable":true,"href":"https:\/\/lappland2030.se\/en\/wp-json\/wp\/v2\/projekttyp?post=6408"},{"taxonomy":"programperiod","embeddable":true,"href":"https:\/\/lappland2030.se\/en\/wp-json\/wp\/v2\/programperiod?post=6408"},{"taxonomy":"microprojekt","embeddable":true,"href":"https:\/\/lappland2030.se\/en\/wp-json\/wp\/v2\/microprojekt?post=6408"}],"curies":[{"name":"wp","href":"https:\/\/api.w.org\/{rel}","templated":true}]}}